{"id":607,"date":"2023-02-27T11:58:02","date_gmt":"2023-02-27T11:58:02","guid":{"rendered":"https:\/\/eithealth.es\/thinkandactforvalue\/?page_id=607"},"modified":"2024-06-03T21:34:23","modified_gmt":"2024-06-03T21:34:23","slug":"inicio-new-2","status":"publish","type":"page","link":"https:\/\/eithealth.es\/thinkandactforvalue\/","title":{"rendered":"inicio-new"},"content":{"rendered":"<div id='layer_slider_1'  class='avia-layerslider main_color avia-shadow  avia-builder-el-0  el_before_av_section  avia-builder-el-first  container_wrap fullsize'  style='height: 601px;'  ><div id=\"layerslider_4_lv2arrfl3j2u\" class=\"ls-wp-container fitvidsignore\" style=\"width:1280px;height:600px;margin:0 auto;margin-bottom: 0px;\"><div class=\"ls-slide\" data-ls=\"duration:4000;transition2d:5;kenburnsscale:1.2;\"><img loading=\"lazy\" decoding=\"async\" width=\"1920\" height=\"1080\" src=\"https:\/\/eithealth.es\/thinkandactforvalue\/wp-content\/uploads\/2024\/05\/LA1.jpg\" class=\"ls-bg\" alt=\"\" srcset=\"https:\/\/eithealth.es\/thinkandactforvalue\/wp-content\/uploads\/2024\/05\/LA1.jpg 1920w, https:\/\/eithealth.es\/thinkandactforvalue\/wp-content\/uploads\/2024\/05\/LA1-300x169.jpg 300w, https:\/\/eithealth.es\/thinkandactforvalue\/wp-content\/uploads\/2024\/05\/LA1-1030x579.jpg 1030w, https:\/\/eithealth.es\/thinkandactforvalue\/wp-content\/uploads\/2024\/05\/LA1-768x432.jpg 768w, https:\/\/eithealth.es\/thinkandactforvalue\/wp-content\/uploads\/2024\/05\/LA1-1536x864.jpg 1536w, https:\/\/eithealth.es\/thinkandactforvalue\/wp-content\/uploads\/2024\/05\/LA1-1500x844.jpg 1500w, https:\/\/eithealth.es\/thinkandactforvalue\/wp-content\/uploads\/2024\/05\/LA1-705x397.jpg 705w\" sizes=\"(max-width: 1920px) 100vw, 1920px\" \/><img loading=\"lazy\" decoding=\"async\" width=\"1175\" height=\"600\" src=\"https:\/\/eithealth.es\/thinkandactforvalue\/wp-content\/uploads\/2024\/05\/Diseno-sin-titulo-7-1-1.png\" class=\"ls-tn\" alt=\"\" srcset=\"https:\/\/eithealth.es\/thinkandactforvalue\/wp-content\/uploads\/2024\/05\/Diseno-sin-titulo-7-1-1.png 1175w, https:\/\/eithealth.es\/thinkandactforvalue\/wp-content\/uploads\/2024\/05\/Diseno-sin-titulo-7-1-1-300x153.png 300w, https:\/\/eithealth.es\/thinkandactforvalue\/wp-content\/uploads\/2024\/05\/Diseno-sin-titulo-7-1-1-1030x526.png 1030w, https:\/\/eithealth.es\/thinkandactforvalue\/wp-content\/uploads\/2024\/05\/Diseno-sin-titulo-7-1-1-768x392.png 768w, https:\/\/eithealth.es\/thinkandactforvalue\/wp-content\/uploads\/2024\/05\/Diseno-sin-titulo-7-1-1-705x360.png 705w\" sizes=\"(max-width: 1175px) 100vw, 1175px\" \/><div style=\"top:258px;left:197px;text-align:center;font-weight:900;font-style:normal;text-decoration:none;mix-blend-mode:normal;width:925px;height:63px;font-size:36px;font-family:Lato;line-height:36px;color:#ffffff;\" class=\"ls-l\" data-ls=\"offsetyin:-50lh;delayin:100;easingin:easeOutQuint;\">HACIA LA B&Uacute;SQUEDA DE VALOR PARA LOS PACIENTES<\/div><div style=\"top:214px;left:50%;text-align:initial;font-weight:700;font-style:normal;text-decoration:none;mix-blend-mode:normal;font-size:20px;line-height:32px;color:#ffffff;font-family:Lato;width:270px;height:32px;background-color:#0B65B0;\" class=\"ls-l\" data-ls=\"offsetyin:-100lh;easingin:easeOutQuint;\">THINK AND ACT FOR VALUE<\/div><a style=\"\" class=\"ls-l\" href=\"#quienes\" target=\"_self\" data-ls=\"offsetyin:50px;delayin:200;easingin:easeOutQuint;hover:true;hoveropacity:0.7;\" rel=\"noopener\"><span style=\"cursor: pointer;top:321px;left:568px;text-align:initial;font-weight:700;font-style:normal;text-decoration:none;mix-blend-mode:normal;color:#ffffff;font-family:Lato;font-size:14px;line-height:17px;padding-top:14px;padding-right:35px;padding-bottom:14px;padding-left:35px;background-color:#fcc034;\" class=\"\">LEER M&Aacute;S<\/span><\/a><\/div><div class=\"ls-slide\" data-ls=\"duration:4000;transition2d:5;kenburnsscale:1.2;\"><img loading=\"lazy\" decoding=\"async\" width=\"1920\" height=\"1080\" src=\"https:\/\/eithealth.es\/thinkandactforvalue\/wp-content\/uploads\/2024\/05\/TITULO1.jpg\" class=\"ls-bg\" alt=\"\" srcset=\"https:\/\/eithealth.es\/thinkandactforvalue\/wp-content\/uploads\/2024\/05\/TITULO1.jpg 1920w, https:\/\/eithealth.es\/thinkandactforvalue\/wp-content\/uploads\/2024\/05\/TITULO1-300x169.jpg 300w, https:\/\/eithealth.es\/thinkandactforvalue\/wp-content\/uploads\/2024\/05\/TITULO1-1030x579.jpg 1030w, https:\/\/eithealth.es\/thinkandactforvalue\/wp-content\/uploads\/2024\/05\/TITULO1-768x432.jpg 768w, https:\/\/eithealth.es\/thinkandactforvalue\/wp-content\/uploads\/2024\/05\/TITULO1-1536x864.jpg 1536w, https:\/\/eithealth.es\/thinkandactforvalue\/wp-content\/uploads\/2024\/05\/TITULO1-1500x844.jpg 1500w, https:\/\/eithealth.es\/thinkandactforvalue\/wp-content\/uploads\/2024\/05\/TITULO1-705x397.jpg 705w\" sizes=\"(max-width: 1920px) 100vw, 1920px\" \/><img loading=\"lazy\" decoding=\"async\" width=\"1920\" height=\"1080\" src=\"https:\/\/eithealth.es\/thinkandactforvalue\/wp-content\/uploads\/2024\/05\/TITULO1.jpg\" class=\"ls-tn\" alt=\"\" srcset=\"https:\/\/eithealth.es\/thinkandactforvalue\/wp-content\/uploads\/2024\/05\/TITULO1.jpg 1920w, https:\/\/eithealth.es\/thinkandactforvalue\/wp-content\/uploads\/2024\/05\/TITULO1-300x169.jpg 300w, https:\/\/eithealth.es\/thinkandactforvalue\/wp-content\/uploads\/2024\/05\/TITULO1-1030x579.jpg 1030w, https:\/\/eithealth.es\/thinkandactforvalue\/wp-content\/uploads\/2024\/05\/TITULO1-768x432.jpg 768w, https:\/\/eithealth.es\/thinkandactforvalue\/wp-content\/uploads\/2024\/05\/TITULO1-1536x864.jpg 1536w, https:\/\/eithealth.es\/thinkandactforvalue\/wp-content\/uploads\/2024\/05\/TITULO1-1500x844.jpg 1500w, https:\/\/eithealth.es\/thinkandactforvalue\/wp-content\/uploads\/2024\/05\/TITULO1-705x397.jpg 705w\" sizes=\"(max-width: 1920px) 100vw, 1920px\" \/><div style=\"top:209px;left:105px;text-align:center;font-weight:900;font-style:normal;text-decoration:none;mix-blend-mode:normal;width:433px;height:38px;font-size:53px;font-family:Lato;line-height:53px;color:#ffffff;\" class=\"ls-l\" data-ls=\"offsetyin:-50lh;delayin:100;easingin:easeOutQuint;\">MANIFIESTO PARA LA TRANSFORMACI&Oacute;N<\/div><div style=\"top:262px;left:50%;text-align:center;font-weight:900;font-style:normal;text-decoration:none;mix-blend-mode:normal;font-family:Lato;font-size:53px;line-height:53px;background-color:#;width:1072px;height:53px;color:#0B65B0;\" class=\"ls-l\" data-ls=\"offsetyin:-50lh;delayin:150;easingin:easeOutQuint;\">HACIA UNA ATENCI&Oacute;N BASADA EN VALOR<\/div><div style=\"top:161px;left:50%;text-align:initial;font-weight:700;font-style:normal;text-decoration:none;mix-blend-mode:normal;font-size:14px;line-height:22px;color:#ffffff;font-family:Lato;background-color:#0B65B0;\" class=\"ls-l\" data-ls=\"offsetyin:-100lh;easingin:easeOutQuint;\">THINK AND ACT FOR VALUE<\/div><a style=\"\" class=\"ls-l\" href=\"https:\/\/eithealth.es\/thinkandactforvalue\/manifiesto\/\" target=\"_self\" data-ls=\"offsetyin:50px;delayin:200;easingin:easeOutQuint;hover:true;hoveropacity:0.7;\"><span style=\"cursor: pointer;top:348px;left:561px;text-align:initial;font-weight:700;font-style:normal;text-decoration:none;mix-blend-mode:normal;color:#ffffff;font-family:Lato;font-size:14px;line-height:17px;padding-top:14px;padding-right:35px;padding-bottom:14px;padding-left:35px;background-color:#FCC034;\" class=\"\">ADHI&Eacute;RETE<\/span><\/a><\/div><\/div><\/div>\n<div id='quienes'  class='avia-section av-11i3v3-f15b0a9c42146e8b4e4bef9d5b00fcfa main_color avia-section-default avia-no-border-styling  avia-builder-el-1  el_after_av_layerslider  el_before_av_section  avia-bg-style-scroll container_wrap fullsize'  ><div class='container av-section-cont-open' ><div class='template-page content  av-content-full alpha units'><div class='post-entry post-entry-type-page post-entry-607'><div class='entry-content-wrapper clearfix'>\n<div  class='flex_column av-yapjj-1106dca92b7a66bff804c1c27b29e8ec av_one_half  avia-builder-el-2  el_before_av_one_half  avia-builder-el-first  first flex_column_div  '     ><style type=\"text\/css\" data-created_by=\"avia_inline_auto\" id=\"style-css-av-2octz-93d8a8194b167a467e518a80408fc904\">\n.avia-image-container.av-2octz-93d8a8194b167a467e518a80408fc904 img.avia_image{\nbox-shadow:none;\n}\n.avia-image-container.av-2octz-93d8a8194b167a467e518a80408fc904 .av-image-caption-overlay-center{\ncolor:#ffffff;\n}\n<\/style>\n<div  class='avia-image-container av-2octz-93d8a8194b167a467e518a80408fc904 av-styling- avia-align-center  avia-builder-el-3  avia-builder-el-no-sibling '   itemprop=\"image\" itemscope=\"itemscope\" itemtype=\"https:\/\/schema.org\/ImageObject\" ><div class=\"avia-image-container-inner\"><div class=\"avia-image-overlay-wrap\"><img decoding=\"async\" fetchpriority=\"high\" class='wp-image-614 avia-img-lazy-loading-not-614 avia_image ' src=\"https:\/\/eithealth.es\/thinkandactforvalue\/wp-content\/uploads\/2023\/02\/quienes-01.jpg\" alt='quienes somos' title='quienes-01'  height=\"1891\" width=\"2042\"  itemprop=\"thumbnailUrl\" srcset=\"https:\/\/eithealth.es\/thinkandactforvalue\/wp-content\/uploads\/2023\/02\/quienes-01.jpg 2042w, https:\/\/eithealth.es\/thinkandactforvalue\/wp-content\/uploads\/2023\/02\/quienes-01-300x278.jpg 300w, https:\/\/eithealth.es\/thinkandactforvalue\/wp-content\/uploads\/2023\/02\/quienes-01-1030x954.jpg 1030w, https:\/\/eithealth.es\/thinkandactforvalue\/wp-content\/uploads\/2023\/02\/quienes-01-768x711.jpg 768w, https:\/\/eithealth.es\/thinkandactforvalue\/wp-content\/uploads\/2023\/02\/quienes-01-1536x1422.jpg 1536w, https:\/\/eithealth.es\/thinkandactforvalue\/wp-content\/uploads\/2023\/02\/quienes-01-1500x1389.jpg 1500w, https:\/\/eithealth.es\/thinkandactforvalue\/wp-content\/uploads\/2023\/02\/quienes-01-705x653.jpg 705w\" sizes=\"(max-width: 2042px) 100vw, 2042px\" \/><\/div><\/div><\/div><\/div><div  class='flex_column av-nmq8n-c8b8efda5d49db493f2f4560654ce991 av_one_half  avia-builder-el-4  el_after_av_one_half  avia-builder-el-last  flex_column_div  '     ><p>\n<style type=\"text\/css\" data-created_by=\"avia_inline_auto\" id=\"style-css-av-d2y67-dd9f808a701ce180f5af29b1d7d80e64\">\n#top .av-special-heading.av-d2y67-dd9f808a701ce180f5af29b1d7d80e64{\npadding-bottom:10px;\n}\nbody .av-special-heading.av-d2y67-dd9f808a701ce180f5af29b1d7d80e64 .av-special-heading-tag .heading-char{\nfont-size:25px;\n}\n.av-special-heading.av-d2y67-dd9f808a701ce180f5af29b1d7d80e64 .av-subheading{\nfont-size:15px;\n}\n<\/style>\n<div  class='av-special-heading av-d2y67-dd9f808a701ce180f5af29b1d7d80e64 av-special-heading-h1  avia-builder-el-5  el_before_av_textblock  avia-builder-el-first '><h1 class='av-special-heading-tag'  itemprop=\"headline\"  >\u00bfQui\u00e9nes somos?<\/h1><div class=\"special-heading-border\"><div class=\"special-heading-inner-border\"><\/div><\/div><\/div><br \/>\n<section  class='av_textblock_section av-7sfdj-bb8bc54e84fbf1b880e635e5010a0025 '   itemscope=\"itemscope\" itemtype=\"https:\/\/schema.org\/CreativeWork\" ><div class='avia_textblock'  itemprop=\"text\" ><p>Think&amp;ACT for Value, surge como <strong>una plataforma colaborativa p\u00fablico-privada de conocimiento e innovaci\u00f3n, coordinada por la Fundaci\u00f3n EIT Health Spain<\/strong> e integrada por expertos y organizaciones referentes en el campo de la atenci\u00f3n sanitaria basada en valor. A\u00fana toda la experiencia disponible en Espa\u00f1a y Europa y sirve como catalizador de cambios e innovaciones.<\/p>\n<p>Su objetivo es promover la implantaci\u00f3n \u00a0del modelo de la Atenci\u00f3n Sanitaria Basada en Valor centrado en <strong>mejorar los resultados para los pacientes y de contribuir a la sostenibilidad econ\u00f3mica de nuestro Sistema Nacional de Salud. <\/strong><\/p>\n<\/div><\/section><\/p><\/div>\n\n<\/div><\/div><\/div><!-- close content main div --><\/div><\/div>\n<style type=\"text\/css\" data-created_by=\"avia_inline_auto\" id=\"style-css-av-yxccv-d5043de76609284ef1f7c12e9f3fb2f9\">\n.avia-section.av-yxccv-d5043de76609284ef1f7c12e9f3fb2f9{\nbackground-color:#0b65b0;\nbackground-image:unset;\n}\n<\/style>\n<div id='blue'  class='avia-section av-yxccv-d5043de76609284ef1f7c12e9f3fb2f9 main_color avia-section-default avia-no-border-styling  avia-builder-el-7  el_after_av_section  el_before_av_section  av-desktop-hide av-medium-hide avia-bg-style-scroll container_wrap fullsize'  ><div class='container av-section-cont-open' ><div class='template-page content  av-content-full alpha units'><div class='post-entry post-entry-type-page post-entry-607'><div class='entry-content-wrapper clearfix'>\n<div  class='flex_column av-s9ql3-9eac294e1e804f655f4b606c3891ae3d av_one_half  avia-builder-el-8  el_before_av_one_half  avia-builder-el-first  first flex_column_div  '     ><p>\n<style type=\"text\/css\" data-created_by=\"avia_inline_auto\" id=\"style-css-av-31vo0n-30b2fc5ef4161aedb5eddb0f339ea586\">\n#top .av-special-heading.av-31vo0n-30b2fc5ef4161aedb5eddb0f339ea586{\npadding-bottom:10px;\ncolor:#ffffff;\n}\nbody .av-special-heading.av-31vo0n-30b2fc5ef4161aedb5eddb0f339ea586 .av-special-heading-tag .heading-char{\nfont-size:25px;\n}\n.av-special-heading.av-31vo0n-30b2fc5ef4161aedb5eddb0f339ea586 .special-heading-inner-border{\nborder-color:#ffffff;\n}\n.av-special-heading.av-31vo0n-30b2fc5ef4161aedb5eddb0f339ea586 .av-subheading{\nfont-size:15px;\n}\n<\/style>\n<div  class='av-special-heading av-31vo0n-30b2fc5ef4161aedb5eddb0f339ea586 av-special-heading-h2 custom-color-heading blockquote modern-quote  avia-builder-el-9  el_before_av_textblock  avia-builder-el-first '><h2 class='av-special-heading-tag'  itemprop=\"headline\"  >Atenci\u00f3n Sanitaria Basada en Valor<\/h2><div class=\"special-heading-border\"><div class=\"special-heading-inner-border\"><\/div><\/div><\/div><br \/>\n\n<style type=\"text\/css\" data-created_by=\"avia_inline_auto\" id=\"style-css-av-lwj4bfp6-7383f17cfb8177b1db504d13f09d61a7\">\n#top .av_textblock_section.av-lwj4bfp6-7383f17cfb8177b1db504d13f09d61a7 .avia_textblock{\ncolor:#ffffff;\n}\n<\/style>\n<section  class='av_textblock_section av-lwj4bfp6-7383f17cfb8177b1db504d13f09d61a7 '   itemscope=\"itemscope\" itemtype=\"https:\/\/schema.org\/CreativeWork\" ><div class='avia_textblock av_inherit_color'  itemprop=\"text\" ><p>En una sociedad en continuo cambio, los sistemas sanitarios deben evolucionar para dar una mejor respuesta a las necesidades de la poblaci\u00f3n en la que se integran. En este sentido, existe una voluntad de cambio en la\u00a0<strong>sostenibilidad del sistema sanitario<\/strong>.<\/p>\n<p>Uno de los modelos de gesti\u00f3n que ha surgido en este contexto es la\u00a0<strong>Atenci\u00f3n Sanitaria<\/strong>\u00a0<strong>Basada en Valor<\/strong>, en el que la b\u00fasqueda del valor se erige como el elemento tractor de una profunda transformaci\u00f3n.<\/p>\n<p>En este sentido, la Atenci\u00f3n Sanitaria Basada en Valor plantea una\u00a0<strong>reestructuraci\u00f3n de los sistemas sanitarios para orientarlos hacia el alto valor para los pacientes<\/strong>. En este paradigma, se define \u201cvalor\u201d como la relaci\u00f3n entre los resultados en salud importantes tanto para pacientes como para organizaciones sanitarias, teniendo a su vez en cuenta los costes globales de los procesos asistenciales.<\/p>\n<p>Por ello, EIT Health Think Tank establece un modelo para la implementaci\u00f3n practica de proyectos de salud basado en valor en su informe <strong><span class=\"TextRun SCXP22432007 BCX8\" lang=\"ES-ES\" xml:lang=\"ES-ES\" data-usefontface=\"false\" data-contrast=\"none\"><span class=\"NormalTextRun SCXP22432007 BCX8\">\u00ab<\/span><\/span><a href=\"https:\/\/eithealth.eu\/wp-content\/uploads\/2020\/06\/Implementing-Value-Based-Healthcare-In-Europe.pdf\" target=\"_blank\" rel=\"noopener\"><span class=\"TextRun SCXP22432007 BCX8\" lang=\"ES-ES\" xml:lang=\"ES-ES\" data-usefontface=\"false\" data-contrast=\"none\"><span class=\"SpellingError SCXP22432007 BCX8\">Implementing<\/span><\/span><span class=\"TextRun SCXP22432007 BCX8\" lang=\"ES-ES\" xml:lang=\"ES-ES\" data-usefontface=\"false\" data-contrast=\"none\"><span class=\"NormalTextRun SCXP22432007 BCX8\">\u00a0<\/span><\/span><span class=\"TextRun SCXP22432007 BCX8\" lang=\"ES-ES\" xml:lang=\"ES-ES\" data-usefontface=\"false\" data-contrast=\"none\"><span class=\"SpellingError SCXP22432007 BCX8\">Value<\/span><\/span><span class=\"TextRun SCXP22432007 BCX8\" lang=\"ES-ES\" xml:lang=\"ES-ES\" data-usefontface=\"false\" data-contrast=\"none\"><span class=\"NormalTextRun SCXP22432007 BCX8\">\u00a0<\/span><\/span><span class=\"TextRun SCXP22432007 BCX8\" lang=\"ES-ES\" xml:lang=\"ES-ES\" data-usefontface=\"false\" data-contrast=\"none\"><span class=\"SpellingError SCXP22432007 BCX8\">based<\/span><\/span><span class=\"TextRun SCXP22432007 BCX8\" lang=\"ES-ES\" xml:lang=\"ES-ES\" data-usefontface=\"false\" data-contrast=\"none\"><span class=\"NormalTextRun SCXP22432007 BCX8\">\u00a0Care in\u00a0<\/span><\/span><span class=\"TextRun SCXP22432007 BCX8\" lang=\"ES-ES\" xml:lang=\"ES-ES\" data-usefontface=\"false\" data-contrast=\"none\"><span class=\"SpellingError SCXP22432007 BCX8\">Europe<\/span><\/span><\/a>\u00ab<span class=\"TextRun SCXP22432007 BCX8\" lang=\"ES-ES\" xml:lang=\"ES-ES\" data-usefontface=\"false\" data-contrast=\"none\"><span class=\"NormalTextRun SCXP22432007 BCX8\">.\u00a0<\/span><\/span><\/strong><\/p>\n<\/div><\/section><\/p><\/div><div  class='flex_column av-1ybbz-3288fa081b31ea5bce78039616862ca5 av_one_half  avia-builder-el-11  el_after_av_one_half  el_before_av_toggle_container  flex_column_div  '     ><p>\n<style type=\"text\/css\" data-created_by=\"avia_inline_auto\" id=\"style-css-av-lwki0hc1-4dda51c0eb73d0039a4abe6bf3fb2610\">\n.avia-image-container.av-lwki0hc1-4dda51c0eb73d0039a4abe6bf3fb2610 img.avia_image{\nbox-shadow:none;\n}\n.avia-image-container.av-lwki0hc1-4dda51c0eb73d0039a4abe6bf3fb2610 .av-image-caption-overlay-center{\ncolor:#ffffff;\n}\n<\/style>\n<div  class='avia-image-container av-lwki0hc1-4dda51c0eb73d0039a4abe6bf3fb2610 av-styling- avia-align-center  avia-builder-el-12  el_before_av_textblock  avia-builder-el-first '   itemprop=\"image\" itemscope=\"itemscope\" itemtype=\"https:\/\/schema.org\/ImageObject\" ><div class=\"avia-image-container-inner\"><div class=\"avia-image-overlay-wrap\"><img decoding=\"async\" fetchpriority=\"high\" class='wp-image-1629 avia-img-lazy-loading-not-1629 avia_image ' src=\"https:\/\/eithealth.es\/thinkandactforvalue\/wp-content\/uploads\/2024\/05\/Model-1030x726.png\" alt='' title='Model'  height=\"726\" width=\"1030\"  itemprop=\"thumbnailUrl\" srcset=\"https:\/\/eithealth.es\/thinkandactforvalue\/wp-content\/uploads\/2024\/05\/Model-1030x726.png 1030w, https:\/\/eithealth.es\/thinkandactforvalue\/wp-content\/uploads\/2024\/05\/Model-300x212.png 300w, https:\/\/eithealth.es\/thinkandactforvalue\/wp-content\/uploads\/2024\/05\/Model-768x542.png 768w, https:\/\/eithealth.es\/thinkandactforvalue\/wp-content\/uploads\/2024\/05\/Model-705x497.png 705w, https:\/\/eithealth.es\/thinkandactforvalue\/wp-content\/uploads\/2024\/05\/Model.png 1204w\" sizes=\"(max-width: 1030px) 100vw, 1030px\" \/><\/div><\/div><\/div><br \/>\n\n<style type=\"text\/css\" data-created_by=\"avia_inline_auto\" id=\"style-css-av-lwltzzll-bea07581e6dd6190fabe2b97d607160d\">\n#top .av_textblock_section.av-lwltzzll-bea07581e6dd6190fabe2b97d607160d .avia_textblock{\ncolor:#ffffff;\n}\n<\/style>\n<section  class='av_textblock_section av-lwltzzll-bea07581e6dd6190fabe2b97d607160d '   itemscope=\"itemscope\" itemtype=\"https:\/\/schema.org\/CreativeWork\" ><div class='avia_textblock av_inherit_color'  itemprop=\"text\" ><p>En esta l\u00ednea, la estrategia definida por Michael E. Porter, su principal impulsor, para implantar el modelo VBHC consta de seis componentes interdependientes a implementar de forma conjunta:<\/p>\n<\/div><\/section><\/p><\/div>\n<style type=\"text\/css\" data-created_by=\"avia_inline_auto\" id=\"style-css-av-lwj4cpiq-00966defaed74cecd6a41be5395bf4ef\">\n#top .togglecontainer.av-lwj4cpiq-00966defaed74cecd6a41be5395bf4ef h3.toggler{\ncolor:#ffffff;\nbackground-color:rgba(255,255,255,0);\nborder-color:#ffffff;\n}\n#top .togglecontainer.av-lwj4cpiq-00966defaed74cecd6a41be5395bf4ef h3.toggler .toggle_icon{\ncolor:#ffffff;\nborder-color:#ffffff;\n}\n#top .togglecontainer.av-lwj4cpiq-00966defaed74cecd6a41be5395bf4ef h3.toggler .toggle_icon > span{\ncolor:#ffffff;\nborder-color:#ffffff;\n}\n#top .togglecontainer.av-lwj4cpiq-00966defaed74cecd6a41be5395bf4ef .toggle_wrap .toggle_content{\ncolor:#ffffff;\nbackground-color:rgba(255,255,255,0);\nborder-color:#ffffff;\n}\n<\/style>\n<div  class='togglecontainer av-lwj4cpiq-00966defaed74cecd6a41be5395bf4ef av-elegant-toggle  avia-builder-el-14  el_after_av_one_half  avia-builder-el-last '  itemscope=\"itemscope\" itemtype=\"https:\/\/schema.org\/FAQPage\" >\n<section class='av_toggle_section av-2sd2on-8f5fa045e3c17eb07ad7409a4238ef65'  itemscope=\"itemscope\" itemprop=\"mainEntity\" itemtype=\"https:\/\/schema.org\/Question\" ><div role=\"tablist\" class=\"single_toggle\" data-tags=\"{Todo} \"  ><h3 data-fake-id='#toggle-id-1' class='toggler   av-inherit-border-color'  itemprop=\"name\"  role='tab' tabindex='0' aria-controls='toggle-id-1'>1. Organizaci\u00f3n en Unidades de Pr\u00e1ctica Integradas.<span class=\"toggle_icon\"><span class=\"vert_icon\"><\/span><span class=\"hor_icon\"><\/span><\/span><\/h3><div id='toggle-id-1' class='toggle_wrap  '   itemscope=\"itemscope\" itemprop=\"acceptedAnswer\" itemtype=\"https:\/\/schema.org\/Answer\" ><div class='toggle_content invers-color av-inherit-border-color'  itemprop=\"text\" ><p>Unidades especializadas en una patolog\u00eda o diversas patolog\u00edas muy relacionadas, con profesionales<br \/>\nm\u00e9dicos y no m\u00e9dicos que trabajar\u00e1n conjuntamente durante todo el ciclo de atenci\u00f3n al paciente. Permite<br \/>\ntener en cuenta factores como la adherencia al tratamiento, la educaci\u00f3n y la implicaci\u00f3n de familiares, y la<br \/>\nprevenci\u00f3n, entre otros.<\/p>\n<\/div><\/div><\/div><\/section>\n<section class='av_toggle_section av-2m0dnr-4c60d151d715f779d61187af77d09ba0'  itemscope=\"itemscope\" itemprop=\"mainEntity\" itemtype=\"https:\/\/schema.org\/Question\" ><div role=\"tablist\" class=\"single_toggle\" data-tags=\"{Todo} \"  ><h3 data-fake-id='#toggle-id-2' class='toggler   av-inherit-border-color'  itemprop=\"name\"  role='tab' tabindex='0' aria-controls='toggle-id-2'>2. Medir los resultados y los costes de cada paciente. Significa:<span class=\"toggle_icon\"><span class=\"vert_icon\"><\/span><span class=\"hor_icon\"><\/span><\/span><\/h3><div id='toggle-id-2' class='toggle_wrap  '   itemscope=\"itemscope\" itemprop=\"acceptedAnswer\" itemtype=\"https:\/\/schema.org\/Answer\" ><div class='toggle_content invers-color av-inherit-border-color'  itemprop=\"text\" ><ul>\n<li>Medir los resultados en salud que importen a los pacientes, como el tiempo que tardan en retomar su<br \/>\nactividad laboral o actividad f\u00edsica, la duraci\u00f3n de la hospitalizaci\u00f3n o la necesidad de una segunda<br \/>\nintervenci\u00f3n o revisi\u00f3n, entre otros.<\/li>\n<li>Medir el coste de todo el ciclo de atenci\u00f3n al paciente por una determinada patolog\u00eda, dejando atr\u00e1s la<br \/>\nmedici\u00f3n por departamentos o servicios prestados.<\/li>\n<\/ul>\n<\/div><\/div><\/div><\/section>\n<section class='av_toggle_section av-2dv1h3-2f29a390756729d68421d06f0b8abbe0'  itemscope=\"itemscope\" itemprop=\"mainEntity\" itemtype=\"https:\/\/schema.org\/Question\" ><div role=\"tablist\" class=\"single_toggle\" data-tags=\"{Todo} \"  ><h3 data-fake-id='#toggle-id-3' class='toggler   av-inherit-border-color'  itemprop=\"name\"  role='tab' tabindex='0' aria-controls='toggle-id-3'>3. Pagos agrupados por ciclos asistenciales.<span class=\"toggle_icon\"><span class=\"vert_icon\"><\/span><span class=\"hor_icon\"><\/span><\/span><\/h3><div id='toggle-id-3' class='toggle_wrap  '   itemscope=\"itemscope\" itemprop=\"acceptedAnswer\" itemtype=\"https:\/\/schema.org\/Answer\" ><div class='toggle_content invers-color av-inherit-border-color'  itemprop=\"text\" ><p>Consiste en un pago agrupado que cubra el ciclo completo de la atenci\u00f3n al paciente. Permite superar modelos que buscan reducir costes globales o premiar el aumento en el volumen de servicios sin tener en cuenta los resultados para el paciente.<\/p>\n<\/div><\/div><\/div><\/section>\n<section class='av_toggle_section av-26r5a7-248dd5aece05578eb461766b7ed71a26'  itemscope=\"itemscope\" itemprop=\"mainEntity\" itemtype=\"https:\/\/schema.org\/Question\" ><div role=\"tablist\" class=\"single_toggle\" data-tags=\"{Todo} \"  ><h3 data-fake-id='#toggle-id-4' class='toggler   av-inherit-border-color'  itemprop=\"name\"  role='tab' tabindex='0' aria-controls='toggle-id-4'>4. Sistemas de atenci\u00f3n integral.<span class=\"toggle_icon\"><span class=\"vert_icon\"><\/span><span class=\"hor_icon\"><\/span><\/span><\/h3><div id='toggle-id-4' class='toggle_wrap  '   itemscope=\"itemscope\" itemprop=\"acceptedAnswer\" itemtype=\"https:\/\/schema.org\/Answer\" ><div class='toggle_content invers-color av-inherit-border-color'  itemprop=\"text\" ><p>Supone integrar los diversos sistemas de atenci\u00f3n para eliminar la fragmentaci\u00f3n y la duplicidad de servicios,<br \/>\noptimizando los tipos de atenci\u00f3n ofrecidos por cada centro. Implica:<\/p>\n<ul>\n<li>Que cada centro defina un rango de servicios en el que pueda maximizar su eficiencia y aportaci\u00f3n de valor.<\/li>\n<li>Concentrar la atenci\u00f3n a determinadas patolog\u00edas en menos lugares, ya que la experiencia y la<br \/>\nespecializaci\u00f3n ofrecen mejores resultados para el paciente y reducci\u00f3n de costes.<\/li>\n<li>Escoger la ubicaci\u00f3n correcta para cada servicio, teniendo en cuenta su complejidad y los costes de cada<br \/>\nequipamiento.<\/li>\n<li>Integrar la atenci\u00f3n a los pacientes en distintos lugares, de manera que las Unidades de Pr\u00e1ctica Integradas<br \/>\ndirijan el ciclo de atenci\u00f3n, pero recurriendo a servicios que puedan estar ubicados en sitios distintos<\/li>\n<\/ul>\n<\/div><\/div><\/div><\/section>\n<section class='av_toggle_section av-20t0y7-d3c2b0e24fb7eb150c640dc70d8f53ab'  itemscope=\"itemscope\" itemprop=\"mainEntity\" itemtype=\"https:\/\/schema.org\/Question\" ><div role=\"tablist\" class=\"single_toggle\" data-tags=\"{Todo} \"  ><h3 data-fake-id='#toggle-id-5' class='toggler   av-inherit-border-color'  itemprop=\"name\"  role='tab' tabindex='0' aria-controls='toggle-id-5'>5. Ampliar el alcance geogr\u00e1fico de cada centro.<span class=\"toggle_icon\"><span class=\"vert_icon\"><\/span><span class=\"hor_icon\"><\/span><\/span><\/h3><div id='toggle-id-5' class='toggle_wrap  '   itemscope=\"itemscope\" itemprop=\"acceptedAnswer\" itemtype=\"https:\/\/schema.org\/Answer\" ><div class='toggle_content invers-color av-inherit-border-color'  itemprop=\"text\" ><p>Incrementar las sinergias entre los distintos centros m\u00e9dicos, hospitales y la Atenci\u00f3n Primaria, con el objetivo<br \/>\nde conseguir una atenci\u00f3n m\u00e1s integral y de valor para los pacientes.<\/p>\n<\/div><\/div><\/div><\/section>\n<section class='av_toggle_section av-1z2rfr-6cdc7ef4da88fa309a0f2dad5a9b49f3'  itemscope=\"itemscope\" itemprop=\"mainEntity\" itemtype=\"https:\/\/schema.org\/Question\" ><div role=\"tablist\" class=\"single_toggle\" data-tags=\"{Todo} \"  ><h3 data-fake-id='#toggle-id-6' class='toggler   av-inherit-border-color'  itemprop=\"name\"  role='tab' tabindex='0' aria-controls='toggle-id-6'>6. Construir una plataforma tecnol\u00f3gica de informaci\u00f3n.<span class=\"toggle_icon\"><span class=\"vert_icon\"><\/span><span class=\"hor_icon\"><\/span><\/span><\/h3><div id='toggle-id-6' class='toggle_wrap  '   itemscope=\"itemscope\" itemprop=\"acceptedAnswer\" itemtype=\"https:\/\/schema.org\/Answer\" ><div class='toggle_content invers-color av-inherit-border-color'  itemprop=\"text\" ><p>Para una atenci\u00f3n multidisciplinaria e integral. Tiene que seguir al paciente a trav\u00e9s de los diferentes<br \/>\nservicios, sitios y duraci\u00f3n del ciclo de atenci\u00f3n; ser accesible para todos los agentes implicados en la<br \/>\nasistencia y facilitar la extracci\u00f3n de informaci\u00f3n, entre otros factores.<\/p>\n<\/div><\/div><\/div><\/section>\n<\/div>\n\n<\/div><\/div><\/div><!-- close content main div --><\/div><\/div>\n<style type=\"text\/css\" data-created_by=\"avia_inline_auto\" id=\"style-css-av-lwp9k86p-e1c9ddf1f8ce2548d726264519e12026\">\n.avia-section.av-lwp9k86p-e1c9ddf1f8ce2548d726264519e12026{\nbackground-color:#0b65b0;\nbackground-image:unset;\n}\n<\/style>\n<div id='blue'  class='avia-section av-lwp9k86p-e1c9ddf1f8ce2548d726264519e12026 main_color avia-section-default avia-no-border-styling  avia-builder-el-15  el_after_av_section  el_before_av_section  av-small-hide av-mini-hide avia-bg-style-scroll container_wrap fullsize'  ><div class='container av-section-cont-open' ><div class='template-page content  av-content-full alpha units'><div class='post-entry post-entry-type-page post-entry-607'><div class='entry-content-wrapper clearfix'>\n<div  class='flex_column av-av_one_half-692a56cb27b4036f41891925b87c1c70 av_one_half  avia-builder-el-16  el_before_av_one_half  avia-builder-el-first  first flex_column_div  '     ><p>\n<style type=\"text\/css\" data-created_by=\"avia_inline_auto\" id=\"style-css-av-av_heading-698a5b4b91ee8bc212c1a8c1c61c1a64\">\n#top .av-special-heading.av-av_heading-698a5b4b91ee8bc212c1a8c1c61c1a64{\npadding-bottom:10px;\ncolor:#ffffff;\n}\nbody .av-special-heading.av-av_heading-698a5b4b91ee8bc212c1a8c1c61c1a64 .av-special-heading-tag .heading-char{\nfont-size:25px;\n}\n.av-special-heading.av-av_heading-698a5b4b91ee8bc212c1a8c1c61c1a64 .special-heading-inner-border{\nborder-color:#ffffff;\n}\n.av-special-heading.av-av_heading-698a5b4b91ee8bc212c1a8c1c61c1a64 .av-subheading{\nfont-size:15px;\n}\n<\/style>\n<div  class='av-special-heading av-av_heading-698a5b4b91ee8bc212c1a8c1c61c1a64 av-special-heading-h2 custom-color-heading blockquote modern-quote  avia-builder-el-17  el_before_av_textblock  avia-builder-el-first '><h2 class='av-special-heading-tag'  itemprop=\"headline\"  >Atenci\u00f3n Sanitaria Basada en Valor<\/h2><div class=\"special-heading-border\"><div class=\"special-heading-inner-border\"><\/div><\/div><\/div><br \/>\n\n<style type=\"text\/css\" data-created_by=\"avia_inline_auto\" id=\"style-css-av-av_textblock-cb66b915e523e16921b70a856f88bf24\">\n#top .av_textblock_section.av-av_textblock-cb66b915e523e16921b70a856f88bf24 .avia_textblock{\ncolor:#ffffff;\n}\n<\/style>\n<section  class='av_textblock_section av-av_textblock-cb66b915e523e16921b70a856f88bf24 '   itemscope=\"itemscope\" itemtype=\"https:\/\/schema.org\/CreativeWork\" ><div class='avia_textblock av_inherit_color'  itemprop=\"text\" ><p>En una sociedad en continuo cambio, los sistemas sanitarios deben evolucionar para dar una mejor respuesta a las necesidades de la poblaci\u00f3n en la que se integran. En este sentido, existe una voluntad de cambio en la\u00a0<strong>sostenibilidad del sistema sanitario<\/strong>.<\/p>\n<p>Uno de los modelos de gesti\u00f3n que ha surgido en este contexto es la\u00a0<strong>Atenci\u00f3n Sanitaria<\/strong>\u00a0<strong>Basada en Valor<\/strong>, en el que la b\u00fasqueda del valor se erige como el elemento tractor de una profunda transformaci\u00f3n.<\/p>\n<p>En este sentido, la Atenci\u00f3n Sanitaria Basada en Valor plantea una\u00a0<strong>reestructuraci\u00f3n de los sistemas sanitarios para orientarlos hacia el alto valor para los pacientes<\/strong>. En este paradigma, se define \u201cvalor\u201d como la relaci\u00f3n entre los resultados en salud importantes tanto para pacientes como para organizaciones sanitarias, teniendo a su vez en cuenta los costes globales de los procesos asistenciales.<\/p>\n<p>Por ello, EIT Health Think Tank establece un modelo para la implementaci\u00f3n practica de proyectos de salud basado en valor en su informe <strong><span class=\"TextRun SCXP22432007 BCX8\" lang=\"ES-ES\" xml:lang=\"ES-ES\" data-usefontface=\"false\" data-contrast=\"none\"><span class=\"NormalTextRun SCXP22432007 BCX8\">\u00ab<\/span><\/span><a href=\"https:\/\/eithealth.eu\/wp-content\/uploads\/2020\/06\/Implementing-Value-Based-Healthcare-In-Europe.pdf\" target=\"_blank\" rel=\"noopener\"><span class=\"TextRun SCXP22432007 BCX8\" lang=\"ES-ES\" xml:lang=\"ES-ES\" data-usefontface=\"false\" data-contrast=\"none\"><span class=\"SpellingError SCXP22432007 BCX8\">Implementing<\/span><\/span><span class=\"TextRun SCXP22432007 BCX8\" lang=\"ES-ES\" xml:lang=\"ES-ES\" data-usefontface=\"false\" data-contrast=\"none\"><span class=\"NormalTextRun SCXP22432007 BCX8\">\u00a0<\/span><\/span><span class=\"TextRun SCXP22432007 BCX8\" lang=\"ES-ES\" xml:lang=\"ES-ES\" data-usefontface=\"false\" data-contrast=\"none\"><span class=\"SpellingError SCXP22432007 BCX8\">Value<\/span><\/span><span class=\"TextRun SCXP22432007 BCX8\" lang=\"ES-ES\" xml:lang=\"ES-ES\" data-usefontface=\"false\" data-contrast=\"none\"><span class=\"NormalTextRun SCXP22432007 BCX8\">\u00a0<\/span><\/span><span class=\"TextRun SCXP22432007 BCX8\" lang=\"ES-ES\" xml:lang=\"ES-ES\" data-usefontface=\"false\" data-contrast=\"none\"><span class=\"SpellingError SCXP22432007 BCX8\">based<\/span><\/span><span class=\"TextRun SCXP22432007 BCX8\" lang=\"ES-ES\" xml:lang=\"ES-ES\" data-usefontface=\"false\" data-contrast=\"none\"><span class=\"NormalTextRun SCXP22432007 BCX8\">\u00a0Care in\u00a0<\/span><\/span><span class=\"TextRun SCXP22432007 BCX8\" lang=\"ES-ES\" xml:lang=\"ES-ES\" data-usefontface=\"false\" data-contrast=\"none\"><span class=\"SpellingError SCXP22432007 BCX8\">Europe<\/span><\/span><\/a>\u00ab<span class=\"TextRun SCXP22432007 BCX8\" lang=\"ES-ES\" xml:lang=\"ES-ES\" data-usefontface=\"false\" data-contrast=\"none\"><span class=\"NormalTextRun SCXP22432007 BCX8\">.\u00a0<\/span><\/span><\/strong><\/p>\n<\/div><\/section><br \/>\n\n<style type=\"text\/css\" data-created_by=\"avia_inline_auto\" id=\"style-css-av-av_textblock-cb66b915e523e16921b70a856f88bf24\">\n#top .av_textblock_section.av-av_textblock-cb66b915e523e16921b70a856f88bf24 .avia_textblock{\ncolor:#ffffff;\n}\n<\/style>\n<section  class='av_textblock_section av-av_textblock-cb66b915e523e16921b70a856f88bf24 '   itemscope=\"itemscope\" itemtype=\"https:\/\/schema.org\/CreativeWork\" ><div class='avia_textblock av_inherit_color'  itemprop=\"text\" ><p>En esta l\u00ednea, la estrategia definida por Michael E. Porter, su principal impulsor, para implantar el modelo VBHC consta de seis componentes interdependientes a implementar de forma conjunta:<\/p>\n<\/div><\/section><\/p><\/div><div  class='flex_column av-av_one_half-7bd3f5cd863a6256abcb544d7c276d96 av_one_half  avia-builder-el-20  el_after_av_one_half  el_before_av_toggle_container  flex_column_div  '     ><style type=\"text\/css\" data-created_by=\"avia_inline_auto\" id=\"style-css-av-av_image-ca2c52f4c9f25cbd79aa9d9051f02b02\">\n.avia-image-container.av-av_image-ca2c52f4c9f25cbd79aa9d9051f02b02 img.avia_image{\nbox-shadow:none;\n}\n.avia-image-container.av-av_image-ca2c52f4c9f25cbd79aa9d9051f02b02 .av-image-caption-overlay-center{\ncolor:#ffffff;\n}\n<\/style>\n<div  class='avia-image-container av-av_image-ca2c52f4c9f25cbd79aa9d9051f02b02 av-styling- avia-align-center  avia-builder-el-21  avia-builder-el-no-sibling '   itemprop=\"image\" itemscope=\"itemscope\" itemtype=\"https:\/\/schema.org\/ImageObject\" ><div class=\"avia-image-container-inner\"><div class=\"avia-image-overlay-wrap\"><img decoding=\"async\" fetchpriority=\"high\" class='wp-image-1629 avia-img-lazy-loading-not-1629 avia_image ' src=\"https:\/\/eithealth.es\/thinkandactforvalue\/wp-content\/uploads\/2024\/05\/Model-1030x726.png\" alt='' title='Model'  height=\"726\" width=\"1030\"  itemprop=\"thumbnailUrl\" srcset=\"https:\/\/eithealth.es\/thinkandactforvalue\/wp-content\/uploads\/2024\/05\/Model-1030x726.png 1030w, https:\/\/eithealth.es\/thinkandactforvalue\/wp-content\/uploads\/2024\/05\/Model-300x212.png 300w, https:\/\/eithealth.es\/thinkandactforvalue\/wp-content\/uploads\/2024\/05\/Model-768x542.png 768w, https:\/\/eithealth.es\/thinkandactforvalue\/wp-content\/uploads\/2024\/05\/Model-705x497.png 705w, https:\/\/eithealth.es\/thinkandactforvalue\/wp-content\/uploads\/2024\/05\/Model.png 1204w\" sizes=\"(max-width: 1030px) 100vw, 1030px\" \/><\/div><\/div><\/div><\/div>\n<style type=\"text\/css\" data-created_by=\"avia_inline_auto\" id=\"style-css-av-av_toggle_container-2ff519a0256d1d3e618bba9f128186e4\">\n#top .togglecontainer.av-av_toggle_container-2ff519a0256d1d3e618bba9f128186e4 h3.toggler{\ncolor:#ffffff;\nbackground-color:rgba(255,255,255,0);\nborder-color:#ffffff;\n}\n#top .togglecontainer.av-av_toggle_container-2ff519a0256d1d3e618bba9f128186e4 h3.toggler .toggle_icon{\ncolor:#ffffff;\nborder-color:#ffffff;\n}\n#top .togglecontainer.av-av_toggle_container-2ff519a0256d1d3e618bba9f128186e4 h3.toggler .toggle_icon > span{\ncolor:#ffffff;\nborder-color:#ffffff;\n}\n#top .togglecontainer.av-av_toggle_container-2ff519a0256d1d3e618bba9f128186e4 .toggle_wrap .toggle_content{\ncolor:#ffffff;\nbackground-color:rgba(255,255,255,0);\nborder-color:#ffffff;\n}\n<\/style>\n<div  class='togglecontainer av-av_toggle_container-2ff519a0256d1d3e618bba9f128186e4 av-elegant-toggle  avia-builder-el-22  el_after_av_one_half  avia-builder-el-last ' >\n<section class='av_toggle_section av-av_toggle-0e89c2dc89c4a7b71500bdf62407e0b2'  itemscope=\"itemscope\" itemprop=\"mainEntity\" itemtype=\"https:\/\/schema.org\/Question\" ><div role=\"tablist\" class=\"single_toggle\" data-tags=\"{Todo} \"  ><h3 data-fake-id='#toggle-id-7' class='toggler   av-inherit-border-color'  itemprop=\"name\"  role='tab' tabindex='0' aria-controls='toggle-id-7'>1. Organizaci\u00f3n en Unidades de Pr\u00e1ctica Integradas.<span class=\"toggle_icon\"><span class=\"vert_icon\"><\/span><span class=\"hor_icon\"><\/span><\/span><\/h3><div id='toggle-id-7' class='toggle_wrap  '   itemscope=\"itemscope\" itemprop=\"acceptedAnswer\" itemtype=\"https:\/\/schema.org\/Answer\" ><div class='toggle_content invers-color av-inherit-border-color'  itemprop=\"text\" ><p>Unidades especializadas en una patolog\u00eda o diversas patolog\u00edas muy relacionadas, con profesionales<br \/>\nm\u00e9dicos y no m\u00e9dicos que trabajar\u00e1n conjuntamente durante todo el ciclo de atenci\u00f3n al paciente. Permite<br \/>\ntener en cuenta factores como la adherencia al tratamiento, la educaci\u00f3n y la implicaci\u00f3n de familiares, y la<br \/>\nprevenci\u00f3n, entre otros.<\/p>\n<\/div><\/div><\/div><\/section>\n<section class='av_toggle_section av-av_toggle-ef187802784b9e8f0e2c76db43ee1a6d'  itemscope=\"itemscope\" itemprop=\"mainEntity\" itemtype=\"https:\/\/schema.org\/Question\" ><div role=\"tablist\" class=\"single_toggle\" data-tags=\"{Todo} \"  ><h3 data-fake-id='#toggle-id-8' class='toggler   av-inherit-border-color'  itemprop=\"name\"  role='tab' tabindex='0' aria-controls='toggle-id-8'>2. Medir los resultados y los costes de cada paciente. Significa:<span class=\"toggle_icon\"><span class=\"vert_icon\"><\/span><span class=\"hor_icon\"><\/span><\/span><\/h3><div id='toggle-id-8' class='toggle_wrap  '   itemscope=\"itemscope\" itemprop=\"acceptedAnswer\" itemtype=\"https:\/\/schema.org\/Answer\" ><div class='toggle_content invers-color av-inherit-border-color'  itemprop=\"text\" ><ul>\n<li>Medir los resultados en salud que importen a los pacientes, como el tiempo que tardan en retomar su<br \/>\nactividad laboral o actividad f\u00edsica, la duraci\u00f3n de la hospitalizaci\u00f3n o la necesidad de una segunda<br \/>\nintervenci\u00f3n o revisi\u00f3n, entre otros.<\/li>\n<li>Medir el coste de todo el ciclo de atenci\u00f3n al paciente por una determinada patolog\u00eda, dejando atr\u00e1s la<br \/>\nmedici\u00f3n por departamentos o servicios prestados.<\/li>\n<\/ul>\n<\/div><\/div><\/div><\/section>\n<section class='av_toggle_section av-av_toggle-11e604a442c07e20361edd520b186232'  itemscope=\"itemscope\" itemprop=\"mainEntity\" itemtype=\"https:\/\/schema.org\/Question\" ><div role=\"tablist\" class=\"single_toggle\" data-tags=\"{Todo} \"  ><h3 data-fake-id='#toggle-id-9' class='toggler   av-inherit-border-color'  itemprop=\"name\"  role='tab' tabindex='0' aria-controls='toggle-id-9'>3. Pagos agrupados por ciclos asistenciales.<span class=\"toggle_icon\"><span class=\"vert_icon\"><\/span><span class=\"hor_icon\"><\/span><\/span><\/h3><div id='toggle-id-9' class='toggle_wrap  '   itemscope=\"itemscope\" itemprop=\"acceptedAnswer\" itemtype=\"https:\/\/schema.org\/Answer\" ><div class='toggle_content invers-color av-inherit-border-color'  itemprop=\"text\" ><p>Consiste en un pago agrupado que cubra el ciclo completo de la atenci\u00f3n al paciente. Permite superar modelos que buscan reducir costes globales o premiar el aumento en el volumen de servicios sin tener en cuenta los resultados para el paciente.<\/p>\n<\/div><\/div><\/div><\/section>\n<section class='av_toggle_section av-av_toggle-6f8539a7e87cf74457b6dcb1ace87e30'  itemscope=\"itemscope\" itemprop=\"mainEntity\" itemtype=\"https:\/\/schema.org\/Question\" ><div role=\"tablist\" class=\"single_toggle\" data-tags=\"{Todo} \"  ><h3 data-fake-id='#toggle-id-10' class='toggler   av-inherit-border-color'  itemprop=\"name\"  role='tab' tabindex='0' aria-controls='toggle-id-10'>4. Sistemas de atenci\u00f3n integral.<span class=\"toggle_icon\"><span class=\"vert_icon\"><\/span><span class=\"hor_icon\"><\/span><\/span><\/h3><div id='toggle-id-10' class='toggle_wrap  '   itemscope=\"itemscope\" itemprop=\"acceptedAnswer\" itemtype=\"https:\/\/schema.org\/Answer\" ><div class='toggle_content invers-color av-inherit-border-color'  itemprop=\"text\" ><p>Supone integrar los diversos sistemas de atenci\u00f3n para eliminar la fragmentaci\u00f3n y la duplicidad de servicios,<br \/>\noptimizando los tipos de atenci\u00f3n ofrecidos por cada centro. Implica:<\/p>\n<ul>\n<li>Que cada centro defina un rango de servicios en el que pueda maximizar su eficiencia y aportaci\u00f3n de valor.<\/li>\n<li>Concentrar la atenci\u00f3n a determinadas patolog\u00edas en menos lugares, ya que la experiencia y la<br \/>\nespecializaci\u00f3n ofrecen mejores resultados para el paciente y reducci\u00f3n de costes.<\/li>\n<li>Escoger la ubicaci\u00f3n correcta para cada servicio, teniendo en cuenta su complejidad y los costes de cada<br \/>\nequipamiento.<\/li>\n<li>Integrar la atenci\u00f3n a los pacientes en distintos lugares, de manera que las Unidades de Pr\u00e1ctica Integradas<br \/>\ndirijan el ciclo de atenci\u00f3n, pero recurriendo a servicios que puedan estar ubicados en sitios distintos<\/li>\n<\/ul>\n<\/div><\/div><\/div><\/section>\n<section class='av_toggle_section av-av_toggle-d73a7a1e97bed9fc37013bdb617cb371'  itemscope=\"itemscope\" itemprop=\"mainEntity\" itemtype=\"https:\/\/schema.org\/Question\" ><div role=\"tablist\" class=\"single_toggle\" data-tags=\"{Todo} \"  ><h3 data-fake-id='#toggle-id-11' class='toggler   av-inherit-border-color'  itemprop=\"name\"  role='tab' tabindex='0' aria-controls='toggle-id-11'>5. Ampliar el alcance geogr\u00e1fico de cada centro.<span class=\"toggle_icon\"><span class=\"vert_icon\"><\/span><span class=\"hor_icon\"><\/span><\/span><\/h3><div id='toggle-id-11' class='toggle_wrap  '   itemscope=\"itemscope\" itemprop=\"acceptedAnswer\" itemtype=\"https:\/\/schema.org\/Answer\" ><div class='toggle_content invers-color av-inherit-border-color'  itemprop=\"text\" ><p>Incrementar las sinergias entre los distintos centros m\u00e9dicos, hospitales y la Atenci\u00f3n Primaria, con el objetivo<br \/>\nde conseguir una atenci\u00f3n m\u00e1s integral y de valor para los pacientes.<\/p>\n<\/div><\/div><\/div><\/section>\n<section class='av_toggle_section av-av_toggle-83e120b97b54fae8757cf26fd03e3415'  itemscope=\"itemscope\" itemprop=\"mainEntity\" itemtype=\"https:\/\/schema.org\/Question\" ><div role=\"tablist\" class=\"single_toggle\" data-tags=\"{Todo} \"  ><h3 data-fake-id='#toggle-id-12' class='toggler   av-inherit-border-color'  itemprop=\"name\"  role='tab' tabindex='0' aria-controls='toggle-id-12'>6. Construir una plataforma tecnol\u00f3gica de informaci\u00f3n.<span class=\"toggle_icon\"><span class=\"vert_icon\"><\/span><span class=\"hor_icon\"><\/span><\/span><\/h3><div id='toggle-id-12' class='toggle_wrap  '   itemscope=\"itemscope\" itemprop=\"acceptedAnswer\" itemtype=\"https:\/\/schema.org\/Answer\" ><div class='toggle_content invers-color av-inherit-border-color'  itemprop=\"text\" ><p>Para una atenci\u00f3n multidisciplinaria e integral. Tiene que seguir al paciente a trav\u00e9s de los diferentes<br \/>\nservicios, sitios y duraci\u00f3n del ciclo de atenci\u00f3n; ser accesible para todos los agentes implicados en la<br \/>\nasistencia y facilitar la extracci\u00f3n de informaci\u00f3n, entre otros factores.<\/p>\n<\/div><\/div><\/div><\/section>\n<\/div>\n<\/div><\/div><\/div><!-- close content main div --><\/div><\/div>\n<style type=\"text\/css\" data-created_by=\"avia_inline_auto\" id=\"style-css-av-l3czuvap-d4b699538cc098d47a06c3c9514ec732\">\n.avia-section.av-l3czuvap-d4b699538cc098d47a06c3c9514ec732{\nbackground-color:#03a678;\nbackground-image:unset;\n}\n<\/style>\n<div id='franjaverda'  class='avia-section av-l3czuvap-d4b699538cc098d47a06c3c9514ec732 main_color avia-section-default avia-no-border-styling  avia-builder-el-23  el_after_av_section  el_before_av_section  avia-bg-style-scroll container_wrap fullsize'  ><div class='container av-section-cont-open' ><div class='template-page content  av-content-full alpha units'><div class='post-entry post-entry-type-page post-entry-607'><div class='entry-content-wrapper clearfix'>\n<div  class='flex_column av-pns6-1eb4eef7be23a3b8310a0614d1e6459b av_one_full  avia-builder-el-24  el_before_av_one_fourth  avia-builder-el-first  first flex_column_div  '     ><p>\n<style type=\"text\/css\" data-created_by=\"avia_inline_auto\" id=\"style-css-av-l3czs5md-378c437a729afed0ca59ad3ea2342b90\">\n#top .av-special-heading.av-l3czs5md-378c437a729afed0ca59ad3ea2342b90{\npadding-bottom:10px;\ncolor:#ffffff;\n}\nbody .av-special-heading.av-l3czs5md-378c437a729afed0ca59ad3ea2342b90 .av-special-heading-tag .heading-char{\nfont-size:25px;\n}\n.av-special-heading.av-l3czs5md-378c437a729afed0ca59ad3ea2342b90 .special-heading-inner-border{\nborder-color:#ffffff;\n}\n.av-special-heading.av-l3czs5md-378c437a729afed0ca59ad3ea2342b90 .av-subheading{\nfont-size:15px;\n}\n<\/style>\n<div  class='av-special-heading av-l3czs5md-378c437a729afed0ca59ad3ea2342b90 av-special-heading-h2 custom-color-heading blockquote modern-quote modern-centered  avia-builder-el-25  el_before_av_textblock  avia-builder-el-first '><h2 class='av-special-heading-tag'  itemprop=\"headline\"  >Nuevos modelos de Atenci\u00f3n Sanitaria Basada en Valor<\/h2><div class=\"special-heading-border\"><div class=\"special-heading-inner-border\"><\/div><\/div><\/div><br \/>\n\n<style type=\"text\/css\" data-created_by=\"avia_inline_auto\" id=\"style-css-av-l3czu61a-63716e2d2613dc2801bc982c987884b0\">\n#top .av_textblock_section.av-l3czu61a-63716e2d2613dc2801bc982c987884b0 .avia_textblock{\ncolor:#ffffff;\n}\n<\/style>\n<section  class='av_textblock_section av-l3czu61a-63716e2d2613dc2801bc982c987884b0 '   itemscope=\"itemscope\" itemtype=\"https:\/\/schema.org\/CreativeWork\" ><div class='avia_textblock av_inherit_color'  itemprop=\"text\" ><p style=\"text-align: center;\">El modelo <strong>Value-Based Health Care (VBHC)<\/strong> apuesta por una reestructuraci\u00f3n de los<br \/>\nsistemas sanitarios para <strong>aportar un alto valor para los pacientes<\/strong> gracias a:<\/p>\n<\/div><\/section><\/p><\/div><div  class='flex_column av-mcxa-87218e3df39c08151c9ce2765f37835d av_one_fourth  avia-builder-el-27  el_after_av_one_full  el_before_av_one_fourth  columna first flex_column_div  column-top-margin'     ><p>\n<style type=\"text\/css\" data-created_by=\"avia_inline_auto\" id=\"style-css-av-l3czxybf-3306ff6688a0c6bc79a5887593c2f47d\">\n.avia-image-container.av-l3czxybf-3306ff6688a0c6bc79a5887593c2f47d img.avia_image{\nbox-shadow:none;\n}\n.avia-image-container.av-l3czxybf-3306ff6688a0c6bc79a5887593c2f47d .av-image-caption-overlay-center{\ncolor:#ffffff;\n}\n<\/style>\n<div  class='avia-image-container av-l3czxybf-3306ff6688a0c6bc79a5887593c2f47d av-styling- avia_animated_image av-animated-when-visible-95 pop-up avia-align-center  avia-builder-el-28  el_before_av_textblock  avia-builder-el-first '   itemprop=\"image\" itemscope=\"itemscope\" itemtype=\"https:\/\/schema.org\/ImageObject\" ><div class=\"avia-image-container-inner\"><div class=\"avia-image-overlay-wrap\"><img decoding=\"async\" fetchpriority=\"high\" class='wp-image- avia-img-lazy-loading-not- avia_image ' src=\"https:\/\/eithealth.es\/thinkandactforvalue\/wp-content\/uploads\/2022\/05\/Icono-01.svg\" alt='' title=''   itemprop=\"thumbnailUrl\"  \/><\/div><\/div><\/div><br \/>\n\n<style type=\"text\/css\" data-created_by=\"avia_inline_auto\" id=\"style-css-av-l3czyk93-6d87d1e469b2b79cfe5484ca286bfd4e\">\n#top .av_textblock_section.av-l3czyk93-6d87d1e469b2b79cfe5484ca286bfd4e .avia_textblock{\ncolor:#ffffff;\n}\n<\/style>\n<section  class='av_textblock_section av-l3czyk93-6d87d1e469b2b79cfe5484ca286bfd4e '   itemscope=\"itemscope\" itemtype=\"https:\/\/schema.org\/CreativeWork\" ><div class='avia_textblock av_inherit_color'  itemprop=\"text\" ><p style=\"text-align: center;\">Una transformaci\u00f3n de los resultados con<strong> foco en el paciente<\/strong>.<\/p>\n<\/div><\/section><\/p><\/div><div  class='flex_column av-k2hi-60a6067d9ef377d8193cf9c07020dc8e av_one_fourth  avia-builder-el-30  el_after_av_one_fourth  el_before_av_one_fourth  columna flex_column_div  column-top-margin'     ><p>\n<style type=\"text\/css\" data-created_by=\"avia_inline_auto\" id=\"style-css-av-iph2-ce9b9565897d794e6fa0e19ad47da3f1\">\n.avia-image-container.av-iph2-ce9b9565897d794e6fa0e19ad47da3f1 img.avia_image{\nbox-shadow:none;\n}\n.avia-image-container.av-iph2-ce9b9565897d794e6fa0e19ad47da3f1 .av-image-caption-overlay-center{\ncolor:#ffffff;\n}\n<\/style>\n<div  class='avia-image-container av-iph2-ce9b9565897d794e6fa0e19ad47da3f1 av-styling- avia_animated_image av-animated-when-visible-95 pop-up avia-align-center  avia-builder-el-31  el_before_av_textblock  avia-builder-el-first '   itemprop=\"image\" itemscope=\"itemscope\" itemtype=\"https:\/\/schema.org\/ImageObject\" ><div class=\"avia-image-container-inner\"><div class=\"avia-image-overlay-wrap\"><img decoding=\"async\" fetchpriority=\"high\" class='wp-image- avia-img-lazy-loading-not- avia_image ' src=\"https:\/\/eithealth.es\/thinkandactforvalue\/wp-content\/uploads\/2022\/05\/Icono-02.svg\" alt='' title=''   itemprop=\"thumbnailUrl\"  \/><\/div><\/div><\/div><br \/>\n\n<style type=\"text\/css\" data-created_by=\"avia_inline_auto\" id=\"style-css-av-gtdy-64aa8101574867b8ef5adb975ad72c1e\">\n#top .av_textblock_section.av-gtdy-64aa8101574867b8ef5adb975ad72c1e .avia_textblock{\ncolor:#ffffff;\n}\n<\/style>\n<section  class='av_textblock_section av-gtdy-64aa8101574867b8ef5adb975ad72c1e '   itemscope=\"itemscope\" itemtype=\"https:\/\/schema.org\/CreativeWork\" ><div class='avia_textblock av_inherit_color'  itemprop=\"text\" ><p style=\"text-align: center;\">Transversalidad y abordaje conjunto de los actores del ecosistema.<\/p>\n<\/div><\/section><\/p><\/div><div  class='flex_column av-dgcg-760261493593019a8dc1f39f978d578b av_one_fourth  avia-builder-el-33  el_after_av_one_fourth  el_before_av_one_fourth  columna flex_column_div  column-top-margin'     ><p>\n<style type=\"text\/css\" data-created_by=\"avia_inline_auto\" id=\"style-css-av-chik-12424d8ba04db52a2381d0916036dcdc\">\n.avia-image-container.av-chik-12424d8ba04db52a2381d0916036dcdc img.avia_image{\nbox-shadow:none;\n}\n.avia-image-container.av-chik-12424d8ba04db52a2381d0916036dcdc .av-image-caption-overlay-center{\ncolor:#ffffff;\n}\n<\/style>\n<div  class='avia-image-container av-chik-12424d8ba04db52a2381d0916036dcdc av-styling- avia_animated_image av-animated-when-visible-95 pop-up avia-align-center  avia-builder-el-34  el_before_av_textblock  avia-builder-el-first '   itemprop=\"image\" itemscope=\"itemscope\" itemtype=\"https:\/\/schema.org\/ImageObject\" ><div class=\"avia-image-container-inner\"><div class=\"avia-image-overlay-wrap\"><img decoding=\"async\" fetchpriority=\"high\" class='wp-image- avia-img-lazy-loading-not- avia_image ' src=\"https:\/\/eithealth.es\/thinkandactforvalue\/wp-content\/uploads\/2022\/05\/Icono-03.svg\" alt='' title=''   itemprop=\"thumbnailUrl\"  \/><\/div><\/div><\/div><br \/>\n\n<style type=\"text\/css\" data-created_by=\"avia_inline_auto\" id=\"style-css-av-9lmu-ec15ba489f3189def1304463aeb69730\">\n#top .av_textblock_section.av-9lmu-ec15ba489f3189def1304463aeb69730 .avia_textblock{\ncolor:#ffffff;\n}\n<\/style>\n<section  class='av_textblock_section av-9lmu-ec15ba489f3189def1304463aeb69730 '   itemscope=\"itemscope\" itemtype=\"https:\/\/schema.org\/CreativeWork\" ><div class='avia_textblock av_inherit_color'  itemprop=\"text\" ><p style=\"text-align: center;\">Una <strong>transformaci\u00f3n digital<\/strong> <span class=\"TextRun SCXW102106198 BCX0\" lang=\"ES-ES\" xml:lang=\"ES-ES\" data-contrast=\"auto\"><span class=\"NormalTextRun SCXW102106198 BCX0\" data-ccp-charstyle=\"normaltextrun\">que permita maximizar la eficiencia y el valor del dato.<\/span><span class=\"NormalTextRun SCXW102106198 BCX0\" data-ccp-charstyle=\"eop\" data-ccp-charstyle-defn=\"{\">\u202f<\/span><\/span><span class=\"EOP SCXW102106198 BCX0\" data-ccp-props=\"{\">\u00a0<\/span><\/p>\n<\/div><\/section><\/p><\/div><div  class='flex_column av-887y-18e087a257b26188db97a42ed07ec103 av_one_fourth  avia-builder-el-36  el_after_av_one_fourth  avia-builder-el-last  columna flex_column_div  column-top-margin'     ><p>\n<style type=\"text\/css\" data-created_by=\"avia_inline_auto\" id=\"style-css-av-4mr4-04de1f802559c7103bf58aa438342afb\">\n.avia-image-container.av-4mr4-04de1f802559c7103bf58aa438342afb img.avia_image{\nbox-shadow:none;\n}\n.avia-image-container.av-4mr4-04de1f802559c7103bf58aa438342afb .av-image-caption-overlay-center{\ncolor:#ffffff;\n}\n<\/style>\n<div  class='avia-image-container av-4mr4-04de1f802559c7103bf58aa438342afb av-styling- avia_animated_image av-animated-when-visible-95 pop-up avia-align-center  avia-builder-el-37  el_before_av_textblock  avia-builder-el-first '   itemprop=\"image\" itemscope=\"itemscope\" itemtype=\"https:\/\/schema.org\/ImageObject\" ><div class=\"avia-image-container-inner\"><div class=\"avia-image-overlay-wrap\"><img decoding=\"async\" fetchpriority=\"high\" class='wp-image- avia-img-lazy-loading-not- avia_image ' src=\"https:\/\/eithealth.es\/thinkandactforvalue\/wp-content\/uploads\/2022\/05\/Icono-04.svg\" alt='' title=''   itemprop=\"thumbnailUrl\"  \/><\/div><\/div><\/div><br \/>\n\n<style type=\"text\/css\" data-created_by=\"avia_inline_auto\" id=\"style-css-av-cqo-2368d63c864256737a3c25755c2edd60\">\n#top .av_textblock_section.av-cqo-2368d63c864256737a3c25755c2edd60 .avia_textblock{\ncolor:#ffffff;\n}\n<\/style>\n<section  class='av_textblock_section av-cqo-2368d63c864256737a3c25755c2edd60 '   itemscope=\"itemscope\" itemtype=\"https:\/\/schema.org\/CreativeWork\" ><div class='avia_textblock av_inherit_color'  itemprop=\"text\" ><p style=\"text-align: center;\">Una <strong>evaluaci\u00f3n continua<\/strong> de todos los procedimientos.<\/p>\n<\/div><\/section><\/p><\/div>\n<\/p>\n<\/div><\/div><\/div><!-- close content main div --><\/div><\/div><div id='ecosistema'  class='avia-section av-2uzk-5109f7583157557e426b8de9f0cfc3b9 main_color avia-section-default avia-no-border-styling  avia-builder-el-39  el_after_av_section  el_before_av_section  avia-bg-style-scroll container_wrap fullsize'  ><div class='container av-section-cont-open' ><div class='template-page content  av-content-full alpha units'><div class='post-entry post-entry-type-page post-entry-607'><div class='entry-content-wrapper clearfix'>\n<div  class='flex_column av-j20gf-644fe5d42ea45ff00e3b0a8904362900 av_one_full  avia-builder-el-40  avia-builder-el-no-sibling  first flex_column_div  '     ><p>\n<style type=\"text\/css\" data-created_by=\"avia_inline_auto\" id=\"style-css-av-d7rs7-126eb72d8f6fd2147f9c0b2433a75545\">\n#top .av-special-heading.av-d7rs7-126eb72d8f6fd2147f9c0b2433a75545{\npadding-bottom:10px;\ncolor:#0066b1;\n}\nbody .av-special-heading.av-d7rs7-126eb72d8f6fd2147f9c0b2433a75545 .av-special-heading-tag .heading-char{\nfont-size:25px;\n}\n.av-special-heading.av-d7rs7-126eb72d8f6fd2147f9c0b2433a75545 .special-heading-inner-border{\nborder-color:#0066b1;\n}\n.av-special-heading.av-d7rs7-126eb72d8f6fd2147f9c0b2433a75545 .av-subheading{\nfont-size:15px;\n}\n<\/style>\n<div  class='av-special-heading av-d7rs7-126eb72d8f6fd2147f9c0b2433a75545 av-special-heading-h2 custom-color-heading blockquote modern-quote modern-centered  avia-builder-el-41  el_before_av_textblock  avia-builder-el-first '><h2 class='av-special-heading-tag'  itemprop=\"headline\"  >Ecosistema de alianzas<\/h2><div class=\"special-heading-border\"><div class=\"special-heading-inner-border\"><\/div><\/div><\/div><br \/>\n\n<style type=\"text\/css\" data-created_by=\"avia_inline_auto\" id=\"style-css-av-8vqhz-69b6a87a5b0096836550516432d508c3\">\n#top .av_textblock_section.av-8vqhz-69b6a87a5b0096836550516432d508c3 .avia_textblock{\ncolor:#0066b1;\n}\n<\/style>\n<section  class='av_textblock_section av-8vqhz-69b6a87a5b0096836550516432d508c3 '   itemscope=\"itemscope\" itemtype=\"https:\/\/schema.org\/CreativeWork\" ><div class='avia_textblock av_inherit_color'  itemprop=\"text\" ><p style=\"text-align: center;\">Somos una comunidad impulsada por <strong>actores clave en el ecosistema sanitario<\/strong> que crean <strong>redes de colaboraci\u00f3n<\/strong> para desarrollar proyectos y generar evidencias.<\/p>\n<\/div><\/section><\/p><\/div>\n\n<\/div><\/div><\/div><!-- close content main div --><\/div><\/div><div id='scrollslider'  class='avia-section av-cszze-d00b56569bb3fcc508c27f983ce20816 main_color avia-section-default avia-no-border-styling  avia-builder-el-43  el_after_av_section  el_before_av_section  new avia-bg-style-scroll container_wrap fullsize'  ><div class='container av-section-cont-open' ><div class='template-page content  av-content-full alpha units'><div class='post-entry post-entry-type-page post-entry-607'><div class='entry-content-wrapper clearfix'>\n<section  class='av_textblock_section av-a1od6-a4d6becfe46770b5d33d9e55002eb2ae '   itemscope=\"itemscope\" itemtype=\"https:\/\/schema.org\/CreativeWork\" ><div class='avia_textblock'  itemprop=\"text\" ><div  class=\"lgx-carousel-section\"  ><div class=\"lgx-section-inner\" style=\"background-color:rgba(255,255,255,1); color:#333333;\"><div class=\"lgx-carousel-wrapper\"><div class=\"lgx-carousel\"  data-margin=\"0\"  data-loop=\"true\"  data-nav=\"false\"  data-autoplay=\"true\"  data-autoplaytimeout=\"5000\"  data-lazyload=\"true\"  data-addclassactive=\"true\"  data-autoplayhoverpause=\"false\"  data-video=\"false\"  data-animateout=\"\"  data-animatein=\"\"  data-dots=\"false\"  data-videoheight=\"350\"  data-videowidth=\"false\"  data-smartspeed=\"500\"  data-slidespeed=\"200\"  data-paginationspeed=\"800\"  data-itemlarge=\"3\"  data-itemdesk=\"3\"  data-itemtablet=\"3\"  data-itemmobile=\"1\"  data-navlarge=\"false\"  data-navdesk=\"false\"  data-navtablet=\"false\"  data-navmobile=\"false\"  ><div class=\"item lgx-item\" ><img loading=\"lazy\" decoding=\"async\" class=\"wp-image-558 size-full aligncenter\" src=\"https:\/\/eithealth.es\/thinkandactforvalue\/wp-content\/uploads\/2022\/07\/Otros.jpg\" alt=\"\" width=\"500\" height=\"493\" srcset=\"https:\/\/eithealth.es\/thinkandactforvalue\/wp-content\/uploads\/2022\/07\/Otros.jpg 500w, https:\/\/eithealth.es\/thinkandactforvalue\/wp-content\/uploads\/2022\/07\/Otros-300x296.jpg 300w, https:\/\/eithealth.es\/thinkandactforvalue\/wp-content\/uploads\/2022\/07\/Otros-80x80.jpg 80w, https:\/\/eithealth.es\/thinkandactforvalue\/wp-content\/uploads\/2022\/07\/Otros-36x36.jpg 36w\" sizes=\"(max-width: 500px) 100vw, 500px\" \/>\r\n<h3 style=\"text-align: center;\">Pacientes<\/h3><\/div><div class=\"item lgx-item\" ><img loading=\"lazy\" decoding=\"async\" class=\"wp-image-554 size-full aligncenter\" src=\"https:\/\/eithealth.es\/thinkandactforvalue\/wp-content\/uploads\/2022\/07\/Fundaciones-y-Asoc.-pacientes.jpg\" alt=\"\" width=\"500\" height=\"501\" srcset=\"https:\/\/eithealth.es\/thinkandactforvalue\/wp-content\/uploads\/2022\/07\/Fundaciones-y-Asoc.-pacientes.jpg 500w, https:\/\/eithealth.es\/thinkandactforvalue\/wp-content\/uploads\/2022\/07\/Fundaciones-y-Asoc.-pacientes-300x300.jpg 300w, https:\/\/eithealth.es\/thinkandactforvalue\/wp-content\/uploads\/2022\/07\/Fundaciones-y-Asoc.-pacientes-80x80.jpg 80w, https:\/\/eithealth.es\/thinkandactforvalue\/wp-content\/uploads\/2022\/07\/Fundaciones-y-Asoc.-pacientes-36x36.jpg 36w, https:\/\/eithealth.es\/thinkandactforvalue\/wp-content\/uploads\/2022\/07\/Fundaciones-y-Asoc.-pacientes-180x180.jpg 180w\" sizes=\"(max-width: 500px) 100vw, 500px\" \/>\r\n<h3 style=\"text-align: center;\">Autoridades Sanitarias<\/h3><\/div><div class=\"item lgx-item\" ><img loading=\"lazy\" decoding=\"async\" class=\"wp-image-550 size-full aligncenter\" src=\"https:\/\/eithealth.es\/thinkandactforvalue\/wp-content\/uploads\/2022\/07\/Asociaciones-profesionales.jpg\" alt=\"\" width=\"500\" height=\"423\" srcset=\"https:\/\/eithealth.es\/thinkandactforvalue\/wp-content\/uploads\/2022\/07\/Asociaciones-profesionales.jpg 500w, https:\/\/eithealth.es\/thinkandactforvalue\/wp-content\/uploads\/2022\/07\/Asociaciones-profesionales-300x254.jpg 300w\" sizes=\"(max-width: 500px) 100vw, 500px\" \/>\r\n<h3 style=\"text-align: center;\">Gestores Sanitarios del \u00e1mbito p\u00fablico y privado<\/h3><\/div><div class=\"item lgx-item\" ><img loading=\"lazy\" decoding=\"async\" class=\"wp-image-556 size-full aligncenter\" src=\"https:\/\/eithealth.es\/thinkandactforvalue\/wp-content\/uploads\/2022\/07\/Industria.jpg\" alt=\"\" width=\"500\" height=\"501\" srcset=\"https:\/\/eithealth.es\/thinkandactforvalue\/wp-content\/uploads\/2022\/07\/Industria.jpg 500w, https:\/\/eithealth.es\/thinkandactforvalue\/wp-content\/uploads\/2022\/07\/Industria-300x300.jpg 300w, https:\/\/eithealth.es\/thinkandactforvalue\/wp-content\/uploads\/2022\/07\/Industria-80x80.jpg 80w, https:\/\/eithealth.es\/thinkandactforvalue\/wp-content\/uploads\/2022\/07\/Industria-36x36.jpg 36w, https:\/\/eithealth.es\/thinkandactforvalue\/wp-content\/uploads\/2022\/07\/Industria-180x180.jpg 180w\" sizes=\"(max-width: 500px) 100vw, 500px\" \/>\r\n<h3 style=\"text-align: center;\">Innovaci\u00f3n<\/h3><\/div><div class=\"item lgx-item\" ><img loading=\"lazy\" decoding=\"async\" class=\"wp-image-552 size-full aligncenter\" src=\"https:\/\/eithealth.es\/thinkandactforvalue\/wp-content\/uploads\/2022\/07\/Expertos.jpg\" alt=\"\" width=\"500\" height=\"479\" srcset=\"https:\/\/eithealth.es\/thinkandactforvalue\/wp-content\/uploads\/2022\/07\/Expertos.jpg 500w, https:\/\/eithealth.es\/thinkandactforvalue\/wp-content\/uploads\/2022\/07\/Expertos-300x287.jpg 300w\" sizes=\"(max-width: 500px) 100vw, 500px\" \/>\r\n<h3 style=\"text-align: center;\">Industria<\/h3><\/div><div class=\"item lgx-item\" ><img loading=\"lazy\" decoding=\"async\" class=\"wp-image-548 size-full aligncenter\" src=\"https:\/\/eithealth.es\/thinkandactforvalue\/wp-content\/uploads\/2022\/07\/Academia.jpg\" alt=\"\" width=\"500\" height=\"502\" srcset=\"https:\/\/eithealth.es\/thinkandactforvalue\/wp-content\/uploads\/2022\/07\/Academia.jpg 500w, https:\/\/eithealth.es\/thinkandactforvalue\/wp-content\/uploads\/2022\/07\/Academia-300x300.jpg 300w, https:\/\/eithealth.es\/thinkandactforvalue\/wp-content\/uploads\/2022\/07\/Academia-80x80.jpg 80w, https:\/\/eithealth.es\/thinkandactforvalue\/wp-content\/uploads\/2022\/07\/Academia-36x36.jpg 36w, https:\/\/eithealth.es\/thinkandactforvalue\/wp-content\/uploads\/2022\/07\/Academia-180x180.jpg 180w\" sizes=\"(max-width: 500px) 100vw, 500px\" \/>\r\n<h3 style=\"text-align: center;\">Asociaciones profesionales<\/h3>\r\n&nbsp;<\/div><\/div><\/div><\/div><\/div>\n<\/div><\/section>\n\n<\/div><\/div><\/div><!-- close content main div --><\/div><\/div>\n<style type=\"text\/css\" data-created_by=\"avia_inline_auto\" id=\"style-css-av-l3d2z8wk-f524e7d6cfe443441c4732f6e18f2d28\">\n.avia-section.av-l3d2z8wk-f524e7d6cfe443441c4732f6e18f2d28{\nbackground-repeat:no-repeat;\nbackground-image:url(https:\/\/eithealth.es\/thinkandactforvalue\/wp-content\/uploads\/2022\/05\/fondo-naranja.jpg);\nbackground-position:50% 0%;\nbackground-attachment:scroll;\n}\n<\/style>\n<div id='casos'  class='avia-section av-l3d2z8wk-f524e7d6cfe443441c4732f6e18f2d28 main_color avia-section-default avia-no-border-styling  casos new avia-bg-style-scroll container_wrap fullsize'  data-section-bg-repeat='no-repeat'><div class='container av-section-cont-open' ><div class='template-page content  av-content-full alpha units'><div class='post-entry post-entry-type-page post-entry-607'><div class='entry-content-wrapper clearfix'>\n<div  class='flex_column av-pw4sn-865d684ff4f6036c6d77b7a99f49e3ba av_one_half first flex_column_div  '     ><style type=\"text\/css\" data-created_by=\"avia_inline_auto\" id=\"style-css-av-lemrxeco-4cda562359ac4f8b08966d8e88908c3c\">\n.avia-image-container.av-lemrxeco-4cda562359ac4f8b08966d8e88908c3c img.avia_image{\nbox-shadow:none;\n}\n.avia-image-container.av-lemrxeco-4cda562359ac4f8b08966d8e88908c3c .av-image-caption-overlay-center{\ncolor:#ffffff;\n}\n<\/style>\n<div  class='avia-image-container av-lemrxeco-4cda562359ac4f8b08966d8e88908c3c av-styling- avia-align-center'   itemprop=\"image\" itemscope=\"itemscope\" itemtype=\"https:\/\/schema.org\/ImageObject\" ><div class=\"avia-image-container-inner\"><div class=\"avia-image-overlay-wrap\"><img decoding=\"async\" fetchpriority=\"high\" class='wp-image-966 avia-img-lazy-loading-not-966 avia_image ' src=\"https:\/\/eithealth.es\/thinkandactforvalue\/wp-content\/uploads\/2023\/05\/casos-de-exito-home.png\" alt='' title='casos-de-exito-home'  height=\"795\" width=\"749\"  itemprop=\"thumbnailUrl\" srcset=\"https:\/\/eithealth.es\/thinkandactforvalue\/wp-content\/uploads\/2023\/05\/casos-de-exito-home.png 749w, https:\/\/eithealth.es\/thinkandactforvalue\/wp-content\/uploads\/2023\/05\/casos-de-exito-home-283x300.png 283w, https:\/\/eithealth.es\/thinkandactforvalue\/wp-content\/uploads\/2023\/05\/casos-de-exito-home-664x705.png 664w\" sizes=\"(max-width: 749px) 100vw, 749px\" \/><\/div><\/div><\/div><\/div><div  class='flex_column av-arc53-42cfdf58c6aad16acbc904b56513612e av_one_half flex_column_div  '     ><p>\n<style type=\"text\/css\" data-created_by=\"avia_inline_auto\" id=\"style-css-av-l3d2x9qs-9ed97f3f77d2e95085b1599f48dfa1d4\">\n#top .av-special-heading.av-l3d2x9qs-9ed97f3f77d2e95085b1599f48dfa1d4{\npadding-bottom:10px;\ncolor:#000000;\n}\nbody .av-special-heading.av-l3d2x9qs-9ed97f3f77d2e95085b1599f48dfa1d4 .av-special-heading-tag .heading-char{\nfont-size:25px;\n}\n.av-special-heading.av-l3d2x9qs-9ed97f3f77d2e95085b1599f48dfa1d4 .special-heading-inner-border{\nborder-color:#000000;\n}\n.av-special-heading.av-l3d2x9qs-9ed97f3f77d2e95085b1599f48dfa1d4 .av-subheading{\nfont-size:15px;\n}\n<\/style>\n<div  class='av-special-heading av-l3d2x9qs-9ed97f3f77d2e95085b1599f48dfa1d4 av-special-heading-h2 custom-color-heading blockquote modern-quote'><h2 class='av-special-heading-tag'  itemprop=\"headline\"  >Casos de \u00e9xito<\/h2><div class=\"special-heading-border\"><div class=\"special-heading-inner-border\"><\/div><\/div><\/div><br \/>\n\n<style type=\"text\/css\" data-created_by=\"avia_inline_auto\" id=\"style-css-av-l3d2yqoa-3b11bb17fe794c1eab41d4e2a52cb6d0\">\n#top .av_textblock_section.av-l3d2yqoa-3b11bb17fe794c1eab41d4e2a52cb6d0 .avia_textblock{\ncolor:#000000;\n}\n<\/style>\n<section  class='av_textblock_section av-l3d2yqoa-3b11bb17fe794c1eab41d4e2a52cb6d0 '   itemscope=\"itemscope\" itemtype=\"https:\/\/schema.org\/CreativeWork\" ><div class='avia_textblock av_inherit_color'  itemprop=\"text\" ><p style=\"text-align: left;\">La medici\u00f3n de los resultados recogidos de los pacientes ha demostrado que la <strong>Atenci\u00f3n Sanitaria Basada en Valor (VBHC)<\/strong> <strong>funciona<\/strong>. Las evidencias confirman que una transformaci\u00f3n del sector sanitario es posible y queremos mostr\u00e1rtelo a trav\u00e9s de casos reales con nombres y apellidos.<\/p>\n<\/div><\/section><br \/>\n<div  class='avia-button-wrap av-lesrzsvz-103bfe912e6e0ddfb928bde49b5df3f7-wrap avia-button-center '><a href='https:\/\/eithealth.es\/thinkandactforvalue\/casos-de-exito\/'  class='avia-button av-lesrzsvz-103bfe912e6e0ddfb928bde49b5df3f7 avia-icon_select-no avia-size-small avia-position-center avia-color-theme-color'  ><span class='avia_iconbox_title' >\u00a1Desc\u00fabrelo!<\/span><\/a><\/div><\/p><\/div>\n\n<\/div><\/div><\/div><!-- close content main div --><\/div><\/div><div id='faq'  class='avia-section av-3158-75912f0d3852b9cdb467641346846e23 main_color avia-section-default avia-no-border-styling  new avia-bg-style-scroll container_wrap fullsize'  ><div class='container av-section-cont-open' ><div class='template-page content  av-content-full alpha units'><div class='post-entry post-entry-type-page post-entry-607'><div class='entry-content-wrapper clearfix'>\n\n<style type=\"text\/css\" data-created_by=\"avia_inline_auto\" id=\"style-css-av-l3d4840f-6939772ee2c3ef82e28868210eb1fdbe\">\n#top .av-special-heading.av-l3d4840f-6939772ee2c3ef82e28868210eb1fdbe{\npadding-bottom:10px;\ncolor:#0066b1;\n}\nbody .av-special-heading.av-l3d4840f-6939772ee2c3ef82e28868210eb1fdbe .av-special-heading-tag .heading-char{\nfont-size:25px;\n}\n.av-special-heading.av-l3d4840f-6939772ee2c3ef82e28868210eb1fdbe .special-heading-inner-border{\nborder-color:#0066b1;\n}\n.av-special-heading.av-l3d4840f-6939772ee2c3ef82e28868210eb1fdbe .av-subheading{\nfont-size:15px;\n}\n<\/style>\n<div  class='av-special-heading av-l3d4840f-6939772ee2c3ef82e28868210eb1fdbe av-special-heading-h2 custom-color-heading blockquote modern-quote modern-centered'><h2 class='av-special-heading-tag'  itemprop=\"headline\"  >Preguntas frecuentes<\/h2><div class=\"special-heading-border\"><div class=\"special-heading-inner-border\"><\/div><\/div><\/div>\n\n<style type=\"text\/css\" data-created_by=\"avia_inline_auto\" id=\"style-css-av-l3d4bxa6-2d36fa99011c651bef0cf5c7764ba6a6\">\n#top .togglecontainer.av-l3d4bxa6-2d36fa99011c651bef0cf5c7764ba6a6 h3.toggler{\ncolor:#000000;\nbackground-color:#ffffff;\nborder-color:rgba(0,0,0,0.01);\n}\n#top .togglecontainer.av-l3d4bxa6-2d36fa99011c651bef0cf5c7764ba6a6 h3.toggler .toggle_icon{\ncolor:#0066b1;\nborder-color:#0066b1;\n}\n#top .togglecontainer.av-l3d4bxa6-2d36fa99011c651bef0cf5c7764ba6a6 h3.toggler .toggle_icon > span{\ncolor:#0066b1;\nborder-color:#0066b1;\n}\n#top .togglecontainer.av-l3d4bxa6-2d36fa99011c651bef0cf5c7764ba6a6 .toggle_wrap .toggle_content{\ncolor:#000000;\nbackground-color:#ffffff;\nborder-color:rgba(0,0,0,0.01);\n}\n<\/style>\n<div  class='togglecontainer av-l3d4bxa6-2d36fa99011c651bef0cf5c7764ba6a6 av-elegant-toggle' >\n<section class='av_toggle_section av-l3d493ju-97fe86351e9f59ffc16dda1382729f0f'  itemscope=\"itemscope\" itemprop=\"mainEntity\" itemtype=\"https:\/\/schema.org\/Question\" ><div role=\"tablist\" class=\"single_toggle\" data-tags=\"{Todo} \"  ><h3 data-fake-id='#toggle-id-13' class='toggler   av-inherit-border-color'  itemprop=\"name\"  role='tab' tabindex='0' aria-controls='toggle-id-13'>\u00bfQu\u00e9 valor diferencial aporta la Atenci\u00f3n Sanitaria Basada en Valor?<span class=\"toggle_icon\"><span class=\"vert_icon\"><\/span><span class=\"hor_icon\"><\/span><\/span><\/h3><div id='toggle-id-13' class='toggle_wrap  '   itemscope=\"itemscope\" itemprop=\"acceptedAnswer\" itemtype=\"https:\/\/schema.org\/Answer\" ><div class='toggle_content invers-color av-inherit-border-color'  itemprop=\"text\" ><p>La <strong>Atenci\u00f3n Sanitaria Basada en Valor aporta \u201cresultados que importan a los pacientes\u201d.<\/strong> Plantea una <strong>reestructuraci\u00f3n de los sistemas sanitarios<\/strong> para orientarlos hacia el alto valor para los pacientes. Adem\u00e1s, no solo les beneficia a ellos, sino tambi\u00e9n al resto de implicados en la cadena de valor de la sanidad, a la vez que <strong>aumenta la sostenibilidad econ\u00f3mica del sistema sanitario<\/strong>.<\/p>\n<\/div><\/div><\/div><\/section>\n<section class='av_toggle_section av-l3d493ju-4-48b677b19bc9aaaf730f0c0b7bbf60ce'  itemscope=\"itemscope\" itemprop=\"mainEntity\" itemtype=\"https:\/\/schema.org\/Question\" ><div role=\"tablist\" class=\"single_toggle\" data-tags=\"{Todo} \"  ><h3 data-fake-id='#toggle-id-14' class='toggler   av-inherit-border-color'  itemprop=\"name\"  role='tab' tabindex='0' aria-controls='toggle-id-14'>\u00bfQu\u00e9 papel tienen las tecnolog\u00edas en esta nueva forma de concebir la atenci\u00f3n sanitaria?<span class=\"toggle_icon\"><span class=\"vert_icon\"><\/span><span class=\"hor_icon\"><\/span><\/span><\/h3><div id='toggle-id-14' class='toggle_wrap  '   itemscope=\"itemscope\" itemprop=\"acceptedAnswer\" itemtype=\"https:\/\/schema.org\/Answer\" ><div class='toggle_content invers-color av-inherit-border-color'  itemprop=\"text\" ><p>La implementaci\u00f3n de tecnolog\u00edas en los procesos, permiten una <strong>monitorizaci\u00f3n constante de los resultados<\/strong>, por lo que nos permite aprender y mejorar. Esto conlleva un <strong>impacto positivo en los pacientes<\/strong>, que reciben un <strong>diagn\u00f3stico oportuno y un tratamiento \u00f3ptimo<\/strong>, lo cual se materializa en una mejor respuesta, menos visitas al centro sanitario y mejores resultados a largo plazo. Esto tiene tambi\u00e9n un impacto en familiares y cuidadores, que pueden disfrutar de una mejor calidad de vida.<\/p>\n<\/div><\/div><\/div><\/section>\n<section class='av_toggle_section av-l3d493ju-3-36a6f4ac0eec5da581eb481c4c31a7dc'  itemscope=\"itemscope\" itemprop=\"mainEntity\" itemtype=\"https:\/\/schema.org\/Question\" ><div role=\"tablist\" class=\"single_toggle\" data-tags=\"{Todo} \"  ><h3 data-fake-id='#toggle-id-15' class='toggler   av-inherit-border-color'  itemprop=\"name\"  role='tab' tabindex='0' aria-controls='toggle-id-15'>\u00bfCu\u00e1l es el objetivo de Think&amp;Act for Value?<span class=\"toggle_icon\"><span class=\"vert_icon\"><\/span><span class=\"hor_icon\"><\/span><\/span><\/h3><div id='toggle-id-15' class='toggle_wrap  '   itemscope=\"itemscope\" itemprop=\"acceptedAnswer\" itemtype=\"https:\/\/schema.org\/Answer\" ><div class='toggle_content invers-color av-inherit-border-color'  itemprop=\"text\" ><p>El objetivo de esta iniciativa es <strong>crear un espacio plural en el que generar debate y concienciaci\u00f3n acerca de la atenci\u00f3n sanitaria basada en valor (Think)<\/strong>, a la vez que se <strong>impulsan y canalizan pr\u00e1cticas, medidas y acciones que permitan implantar este modelo en el Sistema Nacional de Salud (ACT)<\/strong>. Persigue ser un \u201chub\u201d con capacidad de interlocuci\u00f3n entre el sector sanitario, la administraci\u00f3n p\u00fablica y los pacientes en aras de avanzar en la transformaci\u00f3n del modelo sanitario.<\/p>\n<\/div><\/div><\/div><\/section>\n<section class='av_toggle_section av-l3d493ju-2-7fa806c47d46374708b7e3b6f357f16c'  itemscope=\"itemscope\" itemprop=\"mainEntity\" itemtype=\"https:\/\/schema.org\/Question\" ><div role=\"tablist\" class=\"single_toggle\" data-tags=\"{Todo} \"  ><h3 data-fake-id='#toggle-id-16' class='toggler   av-inherit-border-color'  itemprop=\"name\"  role='tab' tabindex='0' aria-controls='toggle-id-16'>\u00bfC\u00f3mo puedo sumarme a esta iniciativa?<span class=\"toggle_icon\"><span class=\"vert_icon\"><\/span><span class=\"hor_icon\"><\/span><\/span><\/h3><div id='toggle-id-16' class='toggle_wrap  '   itemscope=\"itemscope\" itemprop=\"acceptedAnswer\" itemtype=\"https:\/\/schema.org\/Answer\" ><div class='toggle_content invers-color av-inherit-border-color'  itemprop=\"text\" ><p>Si est\u00e1s interesado en formar parte de este movimiento que transformar\u00e1 la manera de concebir la atenci\u00f3n sanitaria, poniendo al paciente en el centro, ahora es el momento de pasar a la acci\u00f3n. Env\u00edanos un email a <a href=\"mailto:info@eithealth.es\">info@eithealth.es<\/a> y nos pondremos en contacto contigo lo antes posible. \u00a1Gracias a ti comienza el cambio!<\/p>\n<\/div><\/div><\/div><\/section>\n<\/div>\n\n<section  id=\"contactinfo\"  class='av_textblock_section av-l3l9t4gd-0b01206f22a6bf8cd7dfaa4a3e33c3d2 '   itemscope=\"itemscope\" itemtype=\"https:\/\/schema.org\/CreativeWork\" ><div class='avia_textblock'  itemprop=\"text\" ><p>Env\u00edanos un email a\u00a0<a href=\"mailto:think-and-act@eithealth.eu\">think-and-act@eithealth.eu<\/a>\u00a0 y nos pondremos en contacto contigo lo antes posible.<\/p>\n<\/div><\/section>\n\n<div  data-slideshow-options=\"{&quot;animation&quot;:&quot;fade&quot;,&quot;autoplay&quot;:false,&quot;loop_autoplay&quot;:&quot;once&quot;,&quot;interval&quot;:&quot;5&quot;,&quot;loop_manual&quot;:&quot;manual-endless&quot;,&quot;autoplay_stopper&quot;:false,&quot;noNavigation&quot;:false,&quot;show_slide_delay&quot;:90}\" class='avia-content-slider avia-content-slider-active avia-content-slider1 avia-content-slider-odd  av-slideshow-ui av-control-default   av-no-slider-navigation av-slideshow-manual av-loop-once av-loop-manual-endless '  itemscope=\"itemscope\" itemtype=\"https:\/\/schema.org\/Blog\" ><div class=\"avia-content-slider-inner\"><div class=\"slide-entry-wrap\"><article class='slide-entry flex_column  post-entry post-entry-2203 slide-entry-overview slide-loop-1 slide-parity-odd  av_one_third first real-thumbnail posttype-post post-format-standard'  itemscope=\"itemscope\" itemtype=\"https:\/\/schema.org\/CreativeWork\" ><a href='https:\/\/eithealth.es\/thinkandactforvalue\/el-informe-value-radar-santander-claves-para-la-transformacion-en-salud\/' data-rel='slide-1' class='slide-image' title='Informe Value Radar Santander'><img decoding=\"async\" fetchpriority=\"high\" width=\"495\" height=\"400\" src=\"https:\/\/eithealth.es\/thinkandactforvalue\/wp-content\/uploads\/2025\/06\/Clips-entrevistas-TA-495x400.jpg\" class=\"wp-image-2207 avia-img-lazy-loading-not-2207 attachment-portfolio size-portfolio wp-post-image\" alt=\"\" srcset=\"https:\/\/eithealth.es\/thinkandactforvalue\/wp-content\/uploads\/2025\/06\/Clips-entrevistas-TA-495x400.jpg 495w, https:\/\/eithealth.es\/thinkandactforvalue\/wp-content\/uploads\/2025\/06\/Clips-entrevistas-TA-845x684.jpg 845w\" sizes=\"(max-width: 495px) 100vw, 495px\" \/><\/a><div class=\"slide-content\"><header class=\"entry-content-header\"><h3 class='slide-entry-title entry-title '  itemprop=\"headline\" ><a href='https:\/\/eithealth.es\/thinkandactforvalue\/el-informe-value-radar-santander-claves-para-la-transformacion-en-salud\/' title='Informe Value Radar Santander'>Informe Value Radar Santander<\/a><\/h3><span class=\"av-vertical-delimiter\"><\/span><\/header><div class=\"slide-meta\"><time class='slide-meta-time updated'  itemprop=\"datePublished\" datetime=\"2025-06-30T14:45:31+00:00\" >30 de junio de 2025<\/time><\/div><div class='slide-entry-excerpt entry-content'  itemprop=\"text\" >El Informe Value Radar Santander marca el inicio de una serie de jornadas itinerantes. Estas jornadas est\u00e1n dise\u00f1adas para impulsar, visibilizar y conectar a innovadores en salud basada en valor (ASBV)\u2026<\/div><\/div><footer class=\"entry-footer\"><\/footer><span class='hidden'>\n\t\t\t\t<span class='av-structured-data'  itemprop=\"image\" itemscope=\"itemscope\" itemtype=\"https:\/\/schema.org\/ImageObject\" >\n\t\t\t\t\t\t<span itemprop='url'>https:\/\/eithealth.es\/thinkandactforvalue\/wp-content\/uploads\/2025\/06\/Clips-entrevistas-TA.jpg<\/span>\n\t\t\t\t\t\t<span itemprop='height'>1080<\/span>\n\t\t\t\t\t\t<span itemprop='width'>1920<\/span>\n\t\t\t\t<\/span>\n\t\t\t\t<span class='av-structured-data'  itemprop=\"publisher\" itemtype=\"https:\/\/schema.org\/Organization\" itemscope=\"itemscope\" >\n\t\t\t\t\t\t<span itemprop='name'>Angeles Barrios<\/span>\n\t\t\t\t\t\t<span itemprop='logo' itemscope itemtype='https:\/\/schema.org\/ImageObject'>\n\t\t\t\t\t\t\t<span itemprop='url'>https:\/\/eithealth.es\/thinkandactforvalue\/wp-content\/uploads\/2024\/05\/logo-5-1030x327.png<\/span>\n\t\t\t\t\t\t<\/span>\n\t\t\t\t<\/span><span class='av-structured-data'  itemprop=\"author\" itemscope=\"itemscope\" itemtype=\"https:\/\/schema.org\/Person\" ><span itemprop='name'>Angeles Barrios<\/span><\/span><span class='av-structured-data'  itemprop=\"datePublished\" datetime=\"2022-07-13T16:21:55+00:00\" >2025-06-30 14:45:31<\/span><span class='av-structured-data'  itemprop=\"dateModified\" itemtype=\"https:\/\/schema.org\/dateModified\" >2025-06-30 14:48:07<\/span><span class='av-structured-data'  itemprop=\"mainEntityOfPage\" itemtype=\"https:\/\/schema.org\/mainEntityOfPage\" ><span itemprop='name'>Informe Value Radar Santander<\/span><\/span><\/span><\/article><article class='slide-entry flex_column  post-entry post-entry-2149 slide-entry-overview slide-loop-2 slide-parity-even  av_one_third  real-thumbnail posttype-post post-format-standard'  itemscope=\"itemscope\" itemtype=\"https:\/\/schema.org\/CreativeWork\" ><a href='https:\/\/eithealth.es\/thinkandactforvalue\/pedro-carrascal-los-datos-son-clave-para-que-nuestras-necesidades-como-pacientes-dejen-de-ser-invisibles\/' data-rel='slide-1' class='slide-image' title='Pedro Carrascal: \u201cLos datos son clave para que nuestras necesidades como pacientes dejen de ser invisibles\u201d'><img decoding=\"async\" fetchpriority=\"high\" width=\"495\" height=\"400\" src=\"https:\/\/eithealth.es\/thinkandactforvalue\/wp-content\/uploads\/2025\/02\/Clips-entrevistas-TA-4-495x400.jpg\" class=\"wp-image-2156 avia-img-lazy-loading-not-2156 attachment-portfolio size-portfolio wp-post-image\" alt=\"\" srcset=\"https:\/\/eithealth.es\/thinkandactforvalue\/wp-content\/uploads\/2025\/02\/Clips-entrevistas-TA-4-495x400.jpg 495w, https:\/\/eithealth.es\/thinkandactforvalue\/wp-content\/uploads\/2025\/02\/Clips-entrevistas-TA-4-845x684.jpg 845w\" sizes=\"(max-width: 495px) 100vw, 495px\" \/><\/a><div class=\"slide-content\"><header class=\"entry-content-header\"><h3 class='slide-entry-title entry-title '  itemprop=\"headline\" ><a href='https:\/\/eithealth.es\/thinkandactforvalue\/pedro-carrascal-los-datos-son-clave-para-que-nuestras-necesidades-como-pacientes-dejen-de-ser-invisibles\/' title='Pedro Carrascal: \u201cLos datos son clave para que nuestras necesidades como pacientes dejen de ser invisibles\u201d'>Pedro Carrascal: \u201cLos datos son clave para que nuestras necesidades como pacientes dejen de ser invisibles\u201d<\/a><\/h3><span class=\"av-vertical-delimiter\"><\/span><\/header><div class=\"slide-meta\"><time class='slide-meta-time updated'  itemprop=\"datePublished\" datetime=\"2025-02-18T14:51:02+00:00\" >18 de febrero de 2025<\/time><\/div><div class='slide-entry-excerpt entry-content'  itemprop=\"text\" >Pedro Carrascal, director de la Plataforma de Organizaciones de Pacientes (POP), comparte en esta entrevista las estrategias que la organizaci\u00f3n est\u00e1 impulsando para integrar la voz de los pacientes\u2026<\/div><\/div><footer class=\"entry-footer\"><\/footer><span class='hidden'>\n\t\t\t\t<span class='av-structured-data'  itemprop=\"image\" itemscope=\"itemscope\" itemtype=\"https:\/\/schema.org\/ImageObject\" >\n\t\t\t\t\t\t<span itemprop='url'>https:\/\/eithealth.es\/thinkandactforvalue\/wp-content\/uploads\/2025\/02\/Clips-entrevistas-TA-4-scaled.jpg<\/span>\n\t\t\t\t\t\t<span itemprop='height'>1440<\/span>\n\t\t\t\t\t\t<span itemprop='width'>2560<\/span>\n\t\t\t\t<\/span>\n\t\t\t\t<span class='av-structured-data'  itemprop=\"publisher\" itemtype=\"https:\/\/schema.org\/Organization\" itemscope=\"itemscope\" >\n\t\t\t\t\t\t<span itemprop='name'>Angeles Barrios<\/span>\n\t\t\t\t\t\t<span itemprop='logo' itemscope itemtype='https:\/\/schema.org\/ImageObject'>\n\t\t\t\t\t\t\t<span itemprop='url'>https:\/\/eithealth.es\/thinkandactforvalue\/wp-content\/uploads\/2024\/05\/logo-5-1030x327.png<\/span>\n\t\t\t\t\t\t<\/span>\n\t\t\t\t<\/span><span class='av-structured-data'  itemprop=\"author\" itemscope=\"itemscope\" itemtype=\"https:\/\/schema.org\/Person\" ><span itemprop='name'>Angeles Barrios<\/span><\/span><span class='av-structured-data'  itemprop=\"datePublished\" datetime=\"2022-07-13T16:21:55+00:00\" >2025-02-18 14:51:02<\/span><span class='av-structured-data'  itemprop=\"dateModified\" itemtype=\"https:\/\/schema.org\/dateModified\" >2025-02-18 15:02:28<\/span><span class='av-structured-data'  itemprop=\"mainEntityOfPage\" itemtype=\"https:\/\/schema.org\/mainEntityOfPage\" ><span itemprop='name'>Pedro Carrascal: \u201cLos datos son clave para que nuestras necesidades como pacientes dejen de ser invisibles\u201d<\/span><\/span><\/span><\/article><article class='slide-entry flex_column  post-entry post-entry-2135 slide-entry-overview slide-loop-3 slide-parity-odd  av_one_third  real-thumbnail posttype-post post-format-standard'  itemscope=\"itemscope\" itemtype=\"https:\/\/schema.org\/CreativeWork\" ><a href='https:\/\/eithealth.es\/thinkandactforvalue\/vicente-traver-el-liderazgo-clinico-debe-ir-mas-alla-de-los-conceptos-tecnicos-necesitamos-empatia-comunicacion-y-una-vision-estrategica\/' data-rel='slide-1' class='slide-image' title='Vicente Traver: \u00abEl liderazgo cl\u00ednico debe ir m\u00e1s all\u00e1 de los conceptos t\u00e9cnicos: necesitamos empat\u00eda, comunicaci\u00f3n y una visi\u00f3n estrat\u00e9gica\u00bb'><img decoding=\"async\" fetchpriority=\"high\" width=\"495\" height=\"400\" src=\"https:\/\/eithealth.es\/thinkandactforvalue\/wp-content\/uploads\/2024\/11\/Copia-de-Promo-Webinars-1920-x-1080-px-1-1-495x400.jpg\" class=\"wp-image-2136 avia-img-lazy-loading-not-2136 attachment-portfolio size-portfolio wp-post-image\" alt=\"\" srcset=\"https:\/\/eithealth.es\/thinkandactforvalue\/wp-content\/uploads\/2024\/11\/Copia-de-Promo-Webinars-1920-x-1080-px-1-1-495x400.jpg 495w, https:\/\/eithealth.es\/thinkandactforvalue\/wp-content\/uploads\/2024\/11\/Copia-de-Promo-Webinars-1920-x-1080-px-1-1-845x684.jpg 845w\" sizes=\"(max-width: 495px) 100vw, 495px\" \/><\/a><div class=\"slide-content\"><header class=\"entry-content-header\"><h3 class='slide-entry-title entry-title '  itemprop=\"headline\" ><a href='https:\/\/eithealth.es\/thinkandactforvalue\/vicente-traver-el-liderazgo-clinico-debe-ir-mas-alla-de-los-conceptos-tecnicos-necesitamos-empatia-comunicacion-y-una-vision-estrategica\/' title='Vicente Traver: \u00abEl liderazgo cl\u00ednico debe ir m\u00e1s all\u00e1 de los conceptos t\u00e9cnicos: necesitamos empat\u00eda, comunicaci\u00f3n y una visi\u00f3n estrat\u00e9gica\u00bb'>Vicente Traver: \u00abEl liderazgo cl\u00ednico debe ir m\u00e1s all\u00e1 de los conceptos t\u00e9cnicos: necesitamos empat\u00eda, comunicaci\u00f3n y una visi\u00f3n estrat\u00e9gica\u00bb<\/a><\/h3><span class=\"av-vertical-delimiter\"><\/span><\/header><\/div><footer class=\"entry-footer\"><\/footer><span class='hidden'>\n\t\t\t\t<span class='av-structured-data'  itemprop=\"image\" itemscope=\"itemscope\" itemtype=\"https:\/\/schema.org\/ImageObject\" >\n\t\t\t\t\t\t<span itemprop='url'>https:\/\/eithealth.es\/thinkandactforvalue\/wp-content\/uploads\/2024\/11\/Copia-de-Promo-Webinars-1920-x-1080-px-1-1.jpg<\/span>\n\t\t\t\t\t\t<span itemprop='height'>1080<\/span>\n\t\t\t\t\t\t<span itemprop='width'>1920<\/span>\n\t\t\t\t<\/span>\n\t\t\t\t<span class='av-structured-data'  itemprop=\"publisher\" itemtype=\"https:\/\/schema.org\/Organization\" itemscope=\"itemscope\" >\n\t\t\t\t\t\t<span itemprop='name'>Angeles Barrios<\/span>\n\t\t\t\t\t\t<span itemprop='logo' itemscope itemtype='https:\/\/schema.org\/ImageObject'>\n\t\t\t\t\t\t\t<span itemprop='url'>https:\/\/eithealth.es\/thinkandactforvalue\/wp-content\/uploads\/2024\/05\/logo-5-1030x327.png<\/span>\n\t\t\t\t\t\t<\/span>\n\t\t\t\t<\/span><span class='av-structured-data'  itemprop=\"author\" itemscope=\"itemscope\" itemtype=\"https:\/\/schema.org\/Person\" ><span itemprop='name'>Angeles Barrios<\/span><\/span><span class='av-structured-data'  itemprop=\"datePublished\" datetime=\"2022-07-13T16:21:55+00:00\" >2024-11-27 11:53:48<\/span><span class='av-structured-data'  itemprop=\"dateModified\" itemtype=\"https:\/\/schema.org\/dateModified\" >2024-11-27 11:55:04<\/span><span class='av-structured-data'  itemprop=\"mainEntityOfPage\" itemtype=\"https:\/\/schema.org\/mainEntityOfPage\" ><span itemprop='name'>Vicente Traver: \u00abEl liderazgo cl\u00ednico debe ir m\u00e1s all\u00e1 de los conceptos t\u00e9cnicos: necesitamos empat\u00eda, comunicaci\u00f3n y una visi\u00f3n estrat\u00e9gica\u00bb<\/span><\/span><\/span><\/article><\/div><div class=\"slide-entry-wrap\"><article class='slide-entry flex_column  post-entry post-entry-2126 slide-entry-overview slide-loop-4 slide-parity-odd  av_one_third first real-thumbnail posttype-post post-format-standard'  itemscope=\"itemscope\" itemtype=\"https:\/\/schema.org\/CreativeWork\" ><a href='https:\/\/eithealth.es\/thinkandactforvalue\/inmaculada-mediavilla-los-resultados-que-realmente-importan-a-los-pacientes-deben-ser-el-nuevo-estandar-en-el-sistema-sanitario\/' data-rel='slide-1' class='slide-image' title='Inmaculada Mediavilla: \u00abLos resultados que realmente importan a los pacientes deben ser el nuevo est\u00e1ndar en el sistema sanitario\u201d'><img decoding=\"async\" fetchpriority=\"high\" width=\"495\" height=\"400\" src=\"https:\/\/eithealth.es\/thinkandactforvalue\/wp-content\/uploads\/2024\/11\/Copia-de-Promo-Webinars-1920-x-1080-px-1-495x400.jpg\" class=\"wp-image-2127 avia-img-lazy-loading-not-2127 attachment-portfolio size-portfolio wp-post-image\" alt=\"\" srcset=\"https:\/\/eithealth.es\/thinkandactforvalue\/wp-content\/uploads\/2024\/11\/Copia-de-Promo-Webinars-1920-x-1080-px-1-495x400.jpg 495w, https:\/\/eithealth.es\/thinkandactforvalue\/wp-content\/uploads\/2024\/11\/Copia-de-Promo-Webinars-1920-x-1080-px-1-845x684.jpg 845w\" sizes=\"(max-width: 495px) 100vw, 495px\" \/><\/a><div class=\"slide-content\"><header class=\"entry-content-header\"><h3 class='slide-entry-title entry-title '  itemprop=\"headline\" ><a href='https:\/\/eithealth.es\/thinkandactforvalue\/inmaculada-mediavilla-los-resultados-que-realmente-importan-a-los-pacientes-deben-ser-el-nuevo-estandar-en-el-sistema-sanitario\/' title='Inmaculada Mediavilla: \u00abLos resultados que realmente importan a los pacientes deben ser el nuevo est\u00e1ndar en el sistema sanitario\u201d'>Inmaculada Mediavilla: \u00abLos resultados que realmente importan a los pacientes deben ser el nuevo est\u00e1ndar en el sistema sanitario\u201d<\/a><\/h3><span class=\"av-vertical-delimiter\"><\/span><\/header><div class=\"slide-meta\"><time class='slide-meta-time updated'  itemprop=\"datePublished\" datetime=\"2024-11-18T11:46:12+00:00\" >18 de noviembre de 2024<\/time><\/div><div class='slide-entry-excerpt entry-content'  itemprop=\"text\" >Inmaculada Mediavilla, presidenta de la Sociedad Espa\u00f1ola de Calidad Asistencial (SECA) y Coordinadora de Calidad en la Gerencia Asistencial de Atenci\u00f3n Primaria del Servicio Madrile\u00f1o de Salud, tiene\u2026<\/div><\/div><footer class=\"entry-footer\"><\/footer><span class='hidden'>\n\t\t\t\t<span class='av-structured-data'  itemprop=\"image\" itemscope=\"itemscope\" itemtype=\"https:\/\/schema.org\/ImageObject\" >\n\t\t\t\t\t\t<span itemprop='url'>https:\/\/eithealth.es\/thinkandactforvalue\/wp-content\/uploads\/2024\/11\/Copia-de-Promo-Webinars-1920-x-1080-px-1.jpg<\/span>\n\t\t\t\t\t\t<span itemprop='height'>1080<\/span>\n\t\t\t\t\t\t<span itemprop='width'>1920<\/span>\n\t\t\t\t<\/span>\n\t\t\t\t<span class='av-structured-data'  itemprop=\"publisher\" itemtype=\"https:\/\/schema.org\/Organization\" itemscope=\"itemscope\" >\n\t\t\t\t\t\t<span itemprop='name'>Angeles Barrios<\/span>\n\t\t\t\t\t\t<span itemprop='logo' itemscope itemtype='https:\/\/schema.org\/ImageObject'>\n\t\t\t\t\t\t\t<span itemprop='url'>https:\/\/eithealth.es\/thinkandactforvalue\/wp-content\/uploads\/2024\/05\/logo-5-1030x327.png<\/span>\n\t\t\t\t\t\t<\/span>\n\t\t\t\t<\/span><span class='av-structured-data'  itemprop=\"author\" itemscope=\"itemscope\" itemtype=\"https:\/\/schema.org\/Person\" ><span itemprop='name'>Angeles Barrios<\/span><\/span><span class='av-structured-data'  itemprop=\"datePublished\" datetime=\"2022-07-13T16:21:55+00:00\" >2024-11-18 11:46:12<\/span><span class='av-structured-data'  itemprop=\"dateModified\" itemtype=\"https:\/\/schema.org\/dateModified\" >2024-11-18 11:46:12<\/span><span class='av-structured-data'  itemprop=\"mainEntityOfPage\" itemtype=\"https:\/\/schema.org\/mainEntityOfPage\" ><span itemprop='name'>Inmaculada Mediavilla: \u00abLos resultados que realmente importan a los pacientes deben ser el nuevo est\u00e1ndar en el sistema sanitario\u201d<\/span><\/span><\/span><\/article><article class='slide-entry flex_column  post-entry post-entry-2118 slide-entry-overview slide-loop-5 slide-parity-even  av_one_third  real-thumbnail posttype-post post-format-standard'  itemscope=\"itemscope\" itemtype=\"https:\/\/schema.org\/CreativeWork\" ><a href='https:\/\/eithealth.es\/thinkandactforvalue\/luis-rodriguez-padial-presidente-de-la-sec-los-profesionales-sanitarios-son-esenciales-para-el-cambio-hacia-la-asbv-y-estan-dispuestos-a-mejorar-pero-necesitan-herramientas\/' data-rel='slide-1' class='slide-image' title='Luis Rodr\u00edguez Padial, presidente de la SEC: \u201cLos profesionales sanitarios son esenciales para el cambio hacia la ASBV, y est\u00e1n dispuestos a mejorar, pero necesitan herramientas\u201d'><img decoding=\"async\" fetchpriority=\"high\" width=\"495\" height=\"400\" src=\"https:\/\/eithealth.es\/thinkandactforvalue\/wp-content\/uploads\/2024\/10\/Copia-de-Promo-Webinars-1920-x-1080-px-1-495x400.jpg\" class=\"wp-image-2121 avia-img-lazy-loading-not-2121 attachment-portfolio size-portfolio wp-post-image\" alt=\"\" srcset=\"https:\/\/eithealth.es\/thinkandactforvalue\/wp-content\/uploads\/2024\/10\/Copia-de-Promo-Webinars-1920-x-1080-px-1-495x400.jpg 495w, https:\/\/eithealth.es\/thinkandactforvalue\/wp-content\/uploads\/2024\/10\/Copia-de-Promo-Webinars-1920-x-1080-px-1-845x684.jpg 845w\" sizes=\"(max-width: 495px) 100vw, 495px\" \/><\/a><div class=\"slide-content\"><header class=\"entry-content-header\"><h3 class='slide-entry-title entry-title '  itemprop=\"headline\" ><a href='https:\/\/eithealth.es\/thinkandactforvalue\/luis-rodriguez-padial-presidente-de-la-sec-los-profesionales-sanitarios-son-esenciales-para-el-cambio-hacia-la-asbv-y-estan-dispuestos-a-mejorar-pero-necesitan-herramientas\/' title='Luis Rodr\u00edguez Padial, presidente de la SEC: \u201cLos profesionales sanitarios son esenciales para el cambio hacia la ASBV, y est\u00e1n dispuestos a mejorar, pero necesitan herramientas\u201d'>Luis Rodr\u00edguez Padial, presidente de la SEC: \u201cLos profesionales sanitarios son esenciales para el cambio hacia la ASBV, y est\u00e1n dispuestos a mejorar, pero necesitan herramientas\u201d<\/a><\/h3><span class=\"av-vertical-delimiter\"><\/span><\/header><div class=\"slide-meta\"><time class='slide-meta-time updated'  itemprop=\"datePublished\" datetime=\"2024-10-30T10:41:20+00:00\" >30 de octubre de 2024<\/time><\/div><div class='slide-entry-excerpt entry-content'  itemprop=\"text\" >En el reciente webinar \u201cC\u00f3mo involucrar a los profesionales en la transici\u00f3n hacia un nuevo modelo de Asistencia Sanitaria Basada en Valor\u201d, organizado por Think &amp; Act for Value, el presidente\u2026<\/div><\/div><footer class=\"entry-footer\"><\/footer><span class='hidden'>\n\t\t\t\t<span class='av-structured-data'  itemprop=\"image\" itemscope=\"itemscope\" itemtype=\"https:\/\/schema.org\/ImageObject\" >\n\t\t\t\t\t\t<span itemprop='url'>https:\/\/eithealth.es\/thinkandactforvalue\/wp-content\/uploads\/2024\/10\/Copia-de-Promo-Webinars-1920-x-1080-px-1.jpg<\/span>\n\t\t\t\t\t\t<span itemprop='height'>1080<\/span>\n\t\t\t\t\t\t<span itemprop='width'>1920<\/span>\n\t\t\t\t<\/span>\n\t\t\t\t<span class='av-structured-data'  itemprop=\"publisher\" itemtype=\"https:\/\/schema.org\/Organization\" itemscope=\"itemscope\" >\n\t\t\t\t\t\t<span itemprop='name'>Angeles Barrios<\/span>\n\t\t\t\t\t\t<span itemprop='logo' itemscope itemtype='https:\/\/schema.org\/ImageObject'>\n\t\t\t\t\t\t\t<span itemprop='url'>https:\/\/eithealth.es\/thinkandactforvalue\/wp-content\/uploads\/2024\/05\/logo-5-1030x327.png<\/span>\n\t\t\t\t\t\t<\/span>\n\t\t\t\t<\/span><span class='av-structured-data'  itemprop=\"author\" itemscope=\"itemscope\" itemtype=\"https:\/\/schema.org\/Person\" ><span itemprop='name'>Angeles Barrios<\/span><\/span><span class='av-structured-data'  itemprop=\"datePublished\" datetime=\"2022-07-13T16:21:55+00:00\" >2024-10-30 10:41:20<\/span><span class='av-structured-data'  itemprop=\"dateModified\" itemtype=\"https:\/\/schema.org\/dateModified\" >2024-10-30 10:55:02<\/span><span class='av-structured-data'  itemprop=\"mainEntityOfPage\" itemtype=\"https:\/\/schema.org\/mainEntityOfPage\" ><span itemprop='name'>Luis Rodr\u00edguez Padial, presidente de la SEC: \u201cLos profesionales sanitarios son esenciales para el cambio hacia la ASBV, y est\u00e1n dispuestos a mejorar, pero necesitan herramientas\u201d<\/span><\/span><\/span><\/article><article class='slide-entry flex_column  post-entry post-entry-2112 slide-entry-overview slide-loop-6 slide-parity-odd  av_one_third  real-thumbnail posttype-post post-format-standard'  itemscope=\"itemscope\" itemtype=\"https:\/\/schema.org\/CreativeWork\" ><a href='https:\/\/eithealth.es\/thinkandactforvalue\/santander-acoge-iniciativas-transformadoras-de-toda-espana-para-impulsar-la-atencion-sanitaria-basada-en-valor\/' data-rel='slide-1' class='slide-image' title='Santander acoge iniciativas transformadoras de toda Espa\u00f1a para impulsar la Atenci\u00f3n Sanitaria Basada en Valor'><img decoding=\"async\" fetchpriority=\"high\" width=\"495\" height=\"400\" src=\"https:\/\/eithealth.es\/thinkandactforvalue\/wp-content\/uploads\/2024\/10\/NCS08258_B-495x400.png\" class=\"wp-image-2116 avia-img-lazy-loading-not-2116 attachment-portfolio size-portfolio wp-post-image\" alt=\"\" srcset=\"https:\/\/eithealth.es\/thinkandactforvalue\/wp-content\/uploads\/2024\/10\/NCS08258_B-495x400.png 495w, https:\/\/eithealth.es\/thinkandactforvalue\/wp-content\/uploads\/2024\/10\/NCS08258_B-845x684.png 845w\" sizes=\"(max-width: 495px) 100vw, 495px\" \/><\/a><div class=\"slide-content\"><header class=\"entry-content-header\"><h3 class='slide-entry-title entry-title '  itemprop=\"headline\" ><a href='https:\/\/eithealth.es\/thinkandactforvalue\/santander-acoge-iniciativas-transformadoras-de-toda-espana-para-impulsar-la-atencion-sanitaria-basada-en-valor\/' title='Santander acoge iniciativas transformadoras de toda Espa\u00f1a para impulsar la Atenci\u00f3n Sanitaria Basada en Valor'>Santander acoge iniciativas transformadoras de toda Espa\u00f1a para impulsar la Atenci\u00f3n Sanitaria Basada en Valor<\/a><\/h3><span class=\"av-vertical-delimiter\"><\/span><\/header><div class=\"slide-meta\"><time class='slide-meta-time updated'  itemprop=\"datePublished\" datetime=\"2024-10-10T11:51:09+00:00\" >10 de octubre de 2024<\/time><\/div><div class='slide-entry-excerpt entry-content'  itemprop=\"text\" >\r\n \tLa comunidad Think &amp; Act for Value, con el apoyo de la Consejer\u00eda de Sanidad de Cantabria, el Servicio C\u00e1ntabro de Salud e IDIVAL, promueve el intercambio de buenas pr\u00e1cticas y soluciones innovadoras\u2026<\/div><\/div><footer class=\"entry-footer\"><\/footer><span class='hidden'>\n\t\t\t\t<span class='av-structured-data'  itemprop=\"image\" itemscope=\"itemscope\" itemtype=\"https:\/\/schema.org\/ImageObject\" >\n\t\t\t\t\t\t<span itemprop='url'>https:\/\/eithealth.es\/thinkandactforvalue\/wp-content\/uploads\/2024\/10\/NCS08258_B.png<\/span>\n\t\t\t\t\t\t<span itemprop='height'>988<\/span>\n\t\t\t\t\t\t<span itemprop='width'>2000<\/span>\n\t\t\t\t<\/span>\n\t\t\t\t<span class='av-structured-data'  itemprop=\"publisher\" itemtype=\"https:\/\/schema.org\/Organization\" itemscope=\"itemscope\" >\n\t\t\t\t\t\t<span itemprop='name'>Angeles Barrios<\/span>\n\t\t\t\t\t\t<span itemprop='logo' itemscope itemtype='https:\/\/schema.org\/ImageObject'>\n\t\t\t\t\t\t\t<span itemprop='url'>https:\/\/eithealth.es\/thinkandactforvalue\/wp-content\/uploads\/2024\/05\/logo-5-1030x327.png<\/span>\n\t\t\t\t\t\t<\/span>\n\t\t\t\t<\/span><span class='av-structured-data'  itemprop=\"author\" itemscope=\"itemscope\" itemtype=\"https:\/\/schema.org\/Person\" ><span itemprop='name'>Angeles Barrios<\/span><\/span><span class='av-structured-data'  itemprop=\"datePublished\" datetime=\"2022-07-13T16:21:55+00:00\" >2024-10-10 11:51:09<\/span><span class='av-structured-data'  itemprop=\"dateModified\" itemtype=\"https:\/\/schema.org\/dateModified\" >2024-10-10 11:58:06<\/span><span class='av-structured-data'  itemprop=\"mainEntityOfPage\" itemtype=\"https:\/\/schema.org\/mainEntityOfPage\" ><span itemprop='name'>Santander acoge iniciativas transformadoras de toda Espa\u00f1a para impulsar la Atenci\u00f3n Sanitaria Basada en Valor<\/span><\/span><\/span><\/article><\/div><div class=\"slide-entry-wrap\"><article class='slide-entry flex_column  post-entry post-entry-2106 slide-entry-overview slide-loop-7 slide-parity-odd  av_one_third first real-thumbnail posttype-post post-format-standard'  itemscope=\"itemscope\" itemtype=\"https:\/\/schema.org\/CreativeWork\" ><a href='https:\/\/eithealth.es\/thinkandactforvalue\/la-seca-y-iqvia-se-suman-a-think-act-for-value\/' data-rel='slide-1' class='slide-image' title='La SECA y IQVIA se suman a Think &#038; Act for Value'><img decoding=\"async\" fetchpriority=\"high\" width=\"495\" height=\"400\" src=\"https:\/\/eithealth.es\/thinkandactforvalue\/wp-content\/uploads\/2024\/10\/fondo-eventscase-495x400.png\" class=\"wp-image-2107 avia-img-lazy-loading-not-2107 attachment-portfolio size-portfolio wp-post-image\" alt=\"\" srcset=\"https:\/\/eithealth.es\/thinkandactforvalue\/wp-content\/uploads\/2024\/10\/fondo-eventscase-495x400.png 495w, https:\/\/eithealth.es\/thinkandactforvalue\/wp-content\/uploads\/2024\/10\/fondo-eventscase-845x684.png 845w\" sizes=\"(max-width: 495px) 100vw, 495px\" \/><\/a><div class=\"slide-content\"><header class=\"entry-content-header\"><h3 class='slide-entry-title entry-title '  itemprop=\"headline\" ><a href='https:\/\/eithealth.es\/thinkandactforvalue\/la-seca-y-iqvia-se-suman-a-think-act-for-value\/' title='La SECA y IQVIA se suman a Think &#038; Act for Value'>La SECA y IQVIA se suman a Think &#038; Act for Value<\/a><\/h3><span class=\"av-vertical-delimiter\"><\/span><\/header><div class=\"slide-meta\"><time class='slide-meta-time updated'  itemprop=\"datePublished\" datetime=\"2024-10-04T11:05:21+00:00\" >4 de octubre de 2024<\/time><\/div><div class='slide-entry-excerpt entry-content'  itemprop=\"text\" >Think &amp; Act for Value ampl\u00eda su red de colaboradores tras la incorporaci\u00f3n de la Sociedad Espa\u00f1ola de Calidad Asistencial (SECA) y de IQVIA, una compa\u00f1\u00eda l\u00edder en el uso de datos, tecnolog\u00eda,\u2026<\/div><\/div><footer class=\"entry-footer\"><\/footer><span class='hidden'>\n\t\t\t\t<span class='av-structured-data'  itemprop=\"image\" itemscope=\"itemscope\" itemtype=\"https:\/\/schema.org\/ImageObject\" >\n\t\t\t\t\t\t<span itemprop='url'>https:\/\/eithealth.es\/thinkandactforvalue\/wp-content\/uploads\/2024\/10\/fondo-eventscase.png<\/span>\n\t\t\t\t\t\t<span itemprop='height'>1000<\/span>\n\t\t\t\t\t\t<span itemprop='width'>1360<\/span>\n\t\t\t\t<\/span>\n\t\t\t\t<span class='av-structured-data'  itemprop=\"publisher\" itemtype=\"https:\/\/schema.org\/Organization\" itemscope=\"itemscope\" >\n\t\t\t\t\t\t<span itemprop='name'>Angeles Barrios<\/span>\n\t\t\t\t\t\t<span itemprop='logo' itemscope itemtype='https:\/\/schema.org\/ImageObject'>\n\t\t\t\t\t\t\t<span itemprop='url'>https:\/\/eithealth.es\/thinkandactforvalue\/wp-content\/uploads\/2024\/05\/logo-5-1030x327.png<\/span>\n\t\t\t\t\t\t<\/span>\n\t\t\t\t<\/span><span class='av-structured-data'  itemprop=\"author\" itemscope=\"itemscope\" itemtype=\"https:\/\/schema.org\/Person\" ><span itemprop='name'>Angeles Barrios<\/span><\/span><span class='av-structured-data'  itemprop=\"datePublished\" datetime=\"2022-07-13T16:21:55+00:00\" >2024-10-04 11:05:21<\/span><span class='av-structured-data'  itemprop=\"dateModified\" itemtype=\"https:\/\/schema.org\/dateModified\" >2024-10-04 11:05:21<\/span><span class='av-structured-data'  itemprop=\"mainEntityOfPage\" itemtype=\"https:\/\/schema.org\/mainEntityOfPage\" ><span itemprop='name'>La SECA y IQVIA se suman a Think &#038; Act for Value<\/span><\/span><\/span><\/article><article class='slide-entry flex_column  post-entry post-entry-2094 slide-entry-overview slide-loop-8 slide-parity-even  av_one_third  real-thumbnail posttype-post post-format-standard'  itemscope=\"itemscope\" itemtype=\"https:\/\/schema.org\/CreativeWork\" ><a href='https:\/\/eithealth.es\/thinkandactforvalue\/maria-luaces-necesitamos-un-marco-normativo-que-apoye-el-cambio-hacia-la-evaluacion-y-la-retribucion-basada-en-valor\/' data-rel='slide-1' class='slide-image' title='Mar\u00eda Luaces: \u201cNecesitamos un marco normativo que apoye el cambio hacia la evaluaci\u00f3n y la retribuci\u00f3n basada en valor\u201d'><img decoding=\"async\" fetchpriority=\"high\" width=\"495\" height=\"400\" src=\"https:\/\/eithealth.es\/thinkandactforvalue\/wp-content\/uploads\/2024\/09\/Copia-de-Promo-Webinars-1920-x-1080-px-495x400.jpg\" class=\"wp-image-2095 avia-img-lazy-loading-not-2095 attachment-portfolio size-portfolio wp-post-image\" alt=\"\" srcset=\"https:\/\/eithealth.es\/thinkandactforvalue\/wp-content\/uploads\/2024\/09\/Copia-de-Promo-Webinars-1920-x-1080-px-495x400.jpg 495w, https:\/\/eithealth.es\/thinkandactforvalue\/wp-content\/uploads\/2024\/09\/Copia-de-Promo-Webinars-1920-x-1080-px-845x684.jpg 845w\" sizes=\"(max-width: 495px) 100vw, 495px\" \/><\/a><div class=\"slide-content\"><header class=\"entry-content-header\"><h3 class='slide-entry-title entry-title '  itemprop=\"headline\" ><a href='https:\/\/eithealth.es\/thinkandactforvalue\/maria-luaces-necesitamos-un-marco-normativo-que-apoye-el-cambio-hacia-la-evaluacion-y-la-retribucion-basada-en-valor\/' title='Mar\u00eda Luaces: \u201cNecesitamos un marco normativo que apoye el cambio hacia la evaluaci\u00f3n y la retribuci\u00f3n basada en valor\u201d'>Mar\u00eda Luaces: \u201cNecesitamos un marco normativo que apoye el cambio hacia la evaluaci\u00f3n y la retribuci\u00f3n basada en valor\u201d<\/a><\/h3><span class=\"av-vertical-delimiter\"><\/span><\/header><div class=\"slide-meta\"><time class='slide-meta-time updated'  itemprop=\"datePublished\" datetime=\"2024-09-30T07:50:10+00:00\" >30 de septiembre de 2024<\/time><\/div><div class='slide-entry-excerpt entry-content'  itemprop=\"text\" >Mar\u00eda Luaces, cardi\u00f3loga y directora de la Unidad de Innovaci\u00f3n en el Hospital Cl\u00ednico San Carlos de Madrid, comparti\u00f3 en un reciente webinar organizado por Think&amp;Act for Value sus perspectivas\u2026<\/div><\/div><footer class=\"entry-footer\"><\/footer><span class='hidden'>\n\t\t\t\t<span class='av-structured-data'  itemprop=\"image\" itemscope=\"itemscope\" itemtype=\"https:\/\/schema.org\/ImageObject\" >\n\t\t\t\t\t\t<span itemprop='url'>https:\/\/eithealth.es\/thinkandactforvalue\/wp-content\/uploads\/2024\/09\/Copia-de-Promo-Webinars-1920-x-1080-px.jpg<\/span>\n\t\t\t\t\t\t<span itemprop='height'>1080<\/span>\n\t\t\t\t\t\t<span itemprop='width'>1920<\/span>\n\t\t\t\t<\/span>\n\t\t\t\t<span class='av-structured-data'  itemprop=\"publisher\" itemtype=\"https:\/\/schema.org\/Organization\" itemscope=\"itemscope\" >\n\t\t\t\t\t\t<span itemprop='name'>Angeles Barrios<\/span>\n\t\t\t\t\t\t<span itemprop='logo' itemscope itemtype='https:\/\/schema.org\/ImageObject'>\n\t\t\t\t\t\t\t<span itemprop='url'>https:\/\/eithealth.es\/thinkandactforvalue\/wp-content\/uploads\/2024\/05\/logo-5-1030x327.png<\/span>\n\t\t\t\t\t\t<\/span>\n\t\t\t\t<\/span><span class='av-structured-data'  itemprop=\"author\" itemscope=\"itemscope\" itemtype=\"https:\/\/schema.org\/Person\" ><span itemprop='name'>Angeles Barrios<\/span><\/span><span class='av-structured-data'  itemprop=\"datePublished\" datetime=\"2022-07-13T16:21:55+00:00\" >2024-09-30 07:50:10<\/span><span class='av-structured-data'  itemprop=\"dateModified\" itemtype=\"https:\/\/schema.org\/dateModified\" >2024-09-30 10:04:59<\/span><span class='av-structured-data'  itemprop=\"mainEntityOfPage\" itemtype=\"https:\/\/schema.org\/mainEntityOfPage\" ><span itemprop='name'>Mar\u00eda Luaces: \u201cNecesitamos un marco normativo que apoye el cambio hacia la evaluaci\u00f3n y la retribuci\u00f3n basada en valor\u201d<\/span><\/span><\/span><\/article><article class='slide-entry flex_column  post-entry post-entry-2074 slide-entry-overview slide-loop-9 slide-parity-odd  post-entry-last  av_one_third  real-thumbnail posttype-post post-format-standard'  itemscope=\"itemscope\" itemtype=\"https:\/\/schema.org\/CreativeWork\" ><a href='https:\/\/eithealth.es\/thinkandactforvalue\/los-lideres-clinicos-claves-en-una-nueva-sanidad-orientada-al-valor-para-el-paciente\/' data-rel='slide-1' class='slide-image' title='Los l\u00edderes cl\u00ednicos, claves en una nueva Sanidad orientada al valor para el paciente'><img decoding=\"async\" fetchpriority=\"high\" width=\"495\" height=\"400\" src=\"https:\/\/eithealth.es\/thinkandactforvalue\/wp-content\/uploads\/2024\/09\/Promo-Webinars-1200-x-675-px-2-495x400.jpg\" class=\"wp-image-2084 avia-img-lazy-loading-not-2084 attachment-portfolio size-portfolio wp-post-image\" alt=\"\" srcset=\"https:\/\/eithealth.es\/thinkandactforvalue\/wp-content\/uploads\/2024\/09\/Promo-Webinars-1200-x-675-px-2-495x400.jpg 495w, https:\/\/eithealth.es\/thinkandactforvalue\/wp-content\/uploads\/2024\/09\/Promo-Webinars-1200-x-675-px-2-845x684.jpg 845w\" sizes=\"(max-width: 495px) 100vw, 495px\" \/><\/a><div class=\"slide-content\"><header class=\"entry-content-header\"><h3 class='slide-entry-title entry-title '  itemprop=\"headline\" ><a href='https:\/\/eithealth.es\/thinkandactforvalue\/los-lideres-clinicos-claves-en-una-nueva-sanidad-orientada-al-valor-para-el-paciente\/' title='Los l\u00edderes cl\u00ednicos, claves en una nueva Sanidad orientada al valor para el paciente'>Los l\u00edderes cl\u00ednicos, claves en una nueva Sanidad orientada al valor para el paciente<\/a><\/h3><span class=\"av-vertical-delimiter\"><\/span><\/header><div class=\"slide-meta\"><time class='slide-meta-time updated'  itemprop=\"datePublished\" datetime=\"2024-09-25T10:12:54+00:00\" >25 de septiembre de 2024<\/time><\/div><div class='slide-entry-excerpt entry-content'  itemprop=\"text\" >\r\nEncuentro informativo:\r\n\u00a0\u201cC\u00f3mo involucrar a los profesionales en un nuevo modelo de Asistencia Sanitaria Basada en Valor\u201d\r\n\r\n\r\n\r\n \tAs\u00ed lo se\u00f1alan los expertos que demandan dar mayor protagonismo\u2026<\/div><\/div><footer class=\"entry-footer\"><\/footer><span class='hidden'>\n\t\t\t\t<span class='av-structured-data'  itemprop=\"image\" itemscope=\"itemscope\" itemtype=\"https:\/\/schema.org\/ImageObject\" >\n\t\t\t\t\t\t<span itemprop='url'>https:\/\/eithealth.es\/thinkandactforvalue\/wp-content\/uploads\/2024\/09\/Promo-Webinars-1200-x-675-px-2.jpg<\/span>\n\t\t\t\t\t\t<span itemprop='height'>844<\/span>\n\t\t\t\t\t\t<span itemprop='width'>2250<\/span>\n\t\t\t\t<\/span>\n\t\t\t\t<span class='av-structured-data'  itemprop=\"publisher\" itemtype=\"https:\/\/schema.org\/Organization\" itemscope=\"itemscope\" >\n\t\t\t\t\t\t<span itemprop='name'>Angeles Barrios<\/span>\n\t\t\t\t\t\t<span itemprop='logo' itemscope itemtype='https:\/\/schema.org\/ImageObject'>\n\t\t\t\t\t\t\t<span itemprop='url'>https:\/\/eithealth.es\/thinkandactforvalue\/wp-content\/uploads\/2024\/05\/logo-5-1030x327.png<\/span>\n\t\t\t\t\t\t<\/span>\n\t\t\t\t<\/span><span class='av-structured-data'  itemprop=\"author\" itemscope=\"itemscope\" itemtype=\"https:\/\/schema.org\/Person\" ><span itemprop='name'>Angeles Barrios<\/span><\/span><span class='av-structured-data'  itemprop=\"datePublished\" datetime=\"2022-07-13T16:21:55+00:00\" >2024-09-25 10:12:54<\/span><span class='av-structured-data'  itemprop=\"dateModified\" itemtype=\"https:\/\/schema.org\/dateModified\" >2024-09-25 10:23:00<\/span><span class='av-structured-data'  itemprop=\"mainEntityOfPage\" itemtype=\"https:\/\/schema.org\/mainEntityOfPage\" ><span itemprop='name'>Los l\u00edderes cl\u00ednicos, claves en una nueva Sanidad orientada al valor para el paciente<\/span><\/span><\/span><\/article><\/div><\/div><div class='avia-slideshow-arrows avia-slideshow-controls' ><a href='#prev' class='prev-slide ' aria-hidden='true' data-av_icon='\ue87c' data-av_iconfont='entypo-fontello'  tabindex='-1'>Anterior<\/a><a href='#next' class='next-slide ' aria-hidden='true' data-av_icon='\ue87d' data-av_iconfont='entypo-fontello'  tabindex='-1'>Posterior<\/a><\/div><\/div>\n","protected":false},"excerpt":{"rendered":"","protected":false},"author":2,"featured_media":0,"parent":0,"menu_order":0,"comment_status":"closed","ping_status":"closed","template":"","meta":{"footnotes":""},"yoast_head":"<!-- This site is optimized with the Yoast SEO plugin v22.9 - https:\/\/yoast.com\/wordpress\/plugins\/seo\/ -->\n<title>Think&amp;Act for Value<\/title>\n<meta name=\"description\" content=\"Una plataforma p\u00fablico-privada de innovaci\u00f3n en Atenci\u00f3n Sanitaria Basada en Valor, coordinada por Fundaci\u00f3n EIT Health Spain\" \/>\n<meta name=\"robots\" content=\"index, follow, max-snippet:-1, max-image-preview:large, max-video-preview:-1\" \/>\n<link rel=\"canonical\" href=\"https:\/\/eithealth.es\/thinkandactforvalue\/inicio-new-2\/\" \/>\n<meta property=\"og:locale\" content=\"es_ES\" \/>\n<meta property=\"og:type\" content=\"article\" \/>\n<meta property=\"og:title\" content=\"Think&amp;Act for Value\" \/>\n<meta property=\"og:description\" content=\"Una plataforma p\u00fablico-privada de innovaci\u00f3n en Atenci\u00f3n Sanitaria Basada en Valor, coordinada por Fundaci\u00f3n EIT Health Spain\" \/>\n<meta property=\"og:url\" content=\"https:\/\/eithealth.es\/thinkandactforvalue\/inicio-new-2\/\" \/>\n<meta property=\"og:site_name\" content=\"thinkandactforvalue.com\" \/>\n<meta property=\"article:modified_time\" content=\"2024-06-03T21:34:23+00:00\" \/>\n<meta name=\"twitter:card\" content=\"summary_large_image\" \/>\n<meta name=\"twitter:label1\" content=\"Tiempo de lectura\" \/>\n\t<meta name=\"twitter:data1\" content=\"23 minutos\" \/>\n<script type=\"application\/ld+json\" class=\"yoast-schema-graph\">{\"@context\":\"https:\/\/schema.org\",\"@graph\":[{\"@type\":\"WebPage\",\"@id\":\"https:\/\/eithealth.es\/thinkandactforvalue\/inicio-new-2\/\",\"url\":\"https:\/\/eithealth.es\/thinkandactforvalue\/inicio-new-2\/\",\"name\":\"Think&Act for Value\",\"isPartOf\":{\"@id\":\"https:\/\/eithealth.es\/thinkandactforvalue\/#website\"},\"datePublished\":\"2023-02-27T11:58:02+00:00\",\"dateModified\":\"2024-06-03T21:34:23+00:00\",\"description\":\"Una plataforma p\u00fablico-privada de innovaci\u00f3n en Atenci\u00f3n Sanitaria Basada en Valor, coordinada por Fundaci\u00f3n EIT Health Spain\",\"breadcrumb\":{\"@id\":\"https:\/\/eithealth.es\/thinkandactforvalue\/inicio-new-2\/#breadcrumb\"},\"inLanguage\":\"es\",\"potentialAction\":[{\"@type\":\"ReadAction\",\"target\":[\"https:\/\/eithealth.es\/thinkandactforvalue\/inicio-new-2\/\"]}]},{\"@type\":\"BreadcrumbList\",\"@id\":\"https:\/\/eithealth.es\/thinkandactforvalue\/inicio-new-2\/#breadcrumb\",\"itemListElement\":[{\"@type\":\"ListItem\",\"position\":1,\"name\":\"Portada\",\"item\":\"https:\/\/eithealth.es\/thinkandactforvalue\/inicio-new-2\/\"},{\"@type\":\"ListItem\",\"position\":2,\"name\":\"inicio-new\"}]},{\"@type\":\"WebSite\",\"@id\":\"https:\/\/eithealth.es\/thinkandactforvalue\/#website\",\"url\":\"https:\/\/eithealth.es\/thinkandactforvalue\/\",\"name\":\"thinkandactforvalue.com\",\"description\":\"Beneficios de la Atenci\u00f3n Sanitaria Basada en Valor\",\"publisher\":{\"@id\":\"https:\/\/eithealth.es\/thinkandactforvalue\/#organization\"},\"potentialAction\":[{\"@type\":\"SearchAction\",\"target\":{\"@type\":\"EntryPoint\",\"urlTemplate\":\"https:\/\/eithealth.es\/thinkandactforvalue\/?s={search_term_string}\"},\"query-input\":\"required name=search_term_string\"}],\"inLanguage\":\"es\"},{\"@type\":\"Organization\",\"@id\":\"https:\/\/eithealth.es\/thinkandactforvalue\/#organization\",\"name\":\"Think & Act for Value\",\"url\":\"https:\/\/eithealth.es\/thinkandactforvalue\/\",\"logo\":{\"@type\":\"ImageObject\",\"inLanguage\":\"es\",\"@id\":\"https:\/\/eithealth.es\/thinkandactforvalue\/#\/schema\/logo\/image\/\",\"url\":\"https:\/\/eithealth.es\/thinkandactforvalue\/wp-content\/uploads\/2022\/05\/imagotipo_CMYK_01.jpg\",\"contentUrl\":\"https:\/\/eithealth.es\/thinkandactforvalue\/wp-content\/uploads\/2022\/05\/imagotipo_CMYK_01.jpg\",\"width\":1754,\"height\":843,\"caption\":\"Think & Act for Value\"},\"image\":{\"@id\":\"https:\/\/eithealth.es\/thinkandactforvalue\/#\/schema\/logo\/image\/\"}}]}<\/script>\n<!-- \/ Yoast SEO plugin. -->","yoast_head_json":{"title":"Think&Act for Value","description":"Una plataforma p\u00fablico-privada de innovaci\u00f3n en Atenci\u00f3n Sanitaria Basada en Valor, coordinada por Fundaci\u00f3n EIT Health Spain","robots":{"index":"index","follow":"follow","max-snippet":"max-snippet:-1","max-image-preview":"max-image-preview:large","max-video-preview":"max-video-preview:-1"},"canonical":"https:\/\/eithealth.es\/thinkandactforvalue\/inicio-new-2\/","og_locale":"es_ES","og_type":"article","og_title":"Think&Act for Value","og_description":"Una plataforma p\u00fablico-privada de innovaci\u00f3n en Atenci\u00f3n Sanitaria Basada en Valor, coordinada por Fundaci\u00f3n EIT Health Spain","og_url":"https:\/\/eithealth.es\/thinkandactforvalue\/inicio-new-2\/","og_site_name":"thinkandactforvalue.com","article_modified_time":"2024-06-03T21:34:23+00:00","twitter_card":"summary_large_image","twitter_misc":{"Tiempo de lectura":"23 minutos"},"schema":{"@context":"https:\/\/schema.org","@graph":[{"@type":"WebPage","@id":"https:\/\/eithealth.es\/thinkandactforvalue\/inicio-new-2\/","url":"https:\/\/eithealth.es\/thinkandactforvalue\/inicio-new-2\/","name":"Think&Act for Value","isPartOf":{"@id":"https:\/\/eithealth.es\/thinkandactforvalue\/#website"},"datePublished":"2023-02-27T11:58:02+00:00","dateModified":"2024-06-03T21:34:23+00:00","description":"Una plataforma p\u00fablico-privada de innovaci\u00f3n en Atenci\u00f3n Sanitaria Basada en Valor, coordinada por Fundaci\u00f3n EIT Health Spain","breadcrumb":{"@id":"https:\/\/eithealth.es\/thinkandactforvalue\/inicio-new-2\/#breadcrumb"},"inLanguage":"es","potentialAction":[{"@type":"ReadAction","target":["https:\/\/eithealth.es\/thinkandactforvalue\/inicio-new-2\/"]}]},{"@type":"BreadcrumbList","@id":"https:\/\/eithealth.es\/thinkandactforvalue\/inicio-new-2\/#breadcrumb","itemListElement":[{"@type":"ListItem","position":1,"name":"Portada","item":"https:\/\/eithealth.es\/thinkandactforvalue\/inicio-new-2\/"},{"@type":"ListItem","position":2,"name":"inicio-new"}]},{"@type":"WebSite","@id":"https:\/\/eithealth.es\/thinkandactforvalue\/#website","url":"https:\/\/eithealth.es\/thinkandactforvalue\/","name":"thinkandactforvalue.com","description":"Beneficios de la Atenci\u00f3n Sanitaria Basada en Valor","publisher":{"@id":"https:\/\/eithealth.es\/thinkandactforvalue\/#organization"},"potentialAction":[{"@type":"SearchAction","target":{"@type":"EntryPoint","urlTemplate":"https:\/\/eithealth.es\/thinkandactforvalue\/?s={search_term_string}"},"query-input":"required name=search_term_string"}],"inLanguage":"es"},{"@type":"Organization","@id":"https:\/\/eithealth.es\/thinkandactforvalue\/#organization","name":"Think & Act for Value","url":"https:\/\/eithealth.es\/thinkandactforvalue\/","logo":{"@type":"ImageObject","inLanguage":"es","@id":"https:\/\/eithealth.es\/thinkandactforvalue\/#\/schema\/logo\/image\/","url":"https:\/\/eithealth.es\/thinkandactforvalue\/wp-content\/uploads\/2022\/05\/imagotipo_CMYK_01.jpg","contentUrl":"https:\/\/eithealth.es\/thinkandactforvalue\/wp-content\/uploads\/2022\/05\/imagotipo_CMYK_01.jpg","width":1754,"height":843,"caption":"Think & Act for Value"},"image":{"@id":"https:\/\/eithealth.es\/thinkandactforvalue\/#\/schema\/logo\/image\/"}}]}},"_links":{"self":[{"href":"https:\/\/eithealth.es\/thinkandactforvalue\/wp-json\/wp\/v2\/pages\/607"}],"collection":[{"href":"https:\/\/eithealth.es\/thinkandactforvalue\/wp-json\/wp\/v2\/pages"}],"about":[{"href":"https:\/\/eithealth.es\/thinkandactforvalue\/wp-json\/wp\/v2\/types\/page"}],"author":[{"embeddable":true,"href":"https:\/\/eithealth.es\/thinkandactforvalue\/wp-json\/wp\/v2\/users\/2"}],"replies":[{"embeddable":true,"href":"https:\/\/eithealth.es\/thinkandactforvalue\/wp-json\/wp\/v2\/comments?post=607"}],"version-history":[{"count":64,"href":"https:\/\/eithealth.es\/thinkandactforvalue\/wp-json\/wp\/v2\/pages\/607\/revisions"}],"predecessor-version":[{"id":2191,"href":"https:\/\/eithealth.es\/thinkandactforvalue\/wp-json\/wp\/v2\/pages\/607\/revisions\/2191"}],"wp:attachment":[{"href":"https:\/\/eithealth.es\/thinkandactforvalue\/wp-json\/wp\/v2\/media?parent=607"}],"curies":[{"name":"wp","href":"https:\/\/api.w.org\/{rel}","templated":true}]}}